{"id":18623,"date":"2025-03-14T16:50:34","date_gmt":"2025-03-14T15:50:34","guid":{"rendered":"https:\/\/www.camping-erromardie.com\/accueil\/"},"modified":"2025-10-13T12:01:48","modified_gmt":"2025-10-13T10:01:48","slug":"accueil","status":"publish","type":"page","link":"https:\/\/www.camping-erromardie.com\/de\/","title":{"rendered":"Startseite"},"content":{"rendered":"<section id=\"ls-section-block_9c358a9d501c82b520f8211ba90f3819\" class=\"ls-section  home-first has-p-t p-t-14 has-p-b p-b-10\" >\r\n        <div class=\"container container--wide\">\r\n        \n\n<div class=\"wp-block-columns is-layout-flex wp-container-core-columns-is-layout-9d6595d7 wp-block-columns-is-layout-flex\">\n<div class=\"wp-block-column is-layout-flow wp-block-column-is-layout-flow\" style=\"flex-basis:33.33%\">\n<div id=\"ls-heading ls-titre-div-block_b52b096c8e2d75be034573c70e9a00db\" class=\"ls-titre-div h1-like has-text-color has-color-4-color\" >\n    Willkommen<\/div>\n\n\n\n<div class=\"wp-block-columns is-layout-flex wp-container-core-columns-is-layout-9d6595d7 wp-block-columns-is-layout-flex\">\n<div class=\"wp-block-column column-border is-layout-flow wp-block-column-is-layout-flow\">\n<h1 class=\"ls__heading wp-block-heading has-color-1-color has-text-color has-link-color wp-elements-a4009376e9bb103ac46c98d99b803fa3\">Camping la Ferme <br\/>d&#8217;Erromardie im Baskenland <br\/>Baskenland  <\/h1>\n\n\n\n<p class=\"ls-paragraph\">F\u00fcr <a href=\"https:\/\/www.camping-erromardie.com\/de\/baskenland\/\" data-type=\"category\" data-id=\"46\">deinen Campingurlaub im Baskenland<\/a> empf\u00e4ngt dich der mit 4 Sternen ausgezeichnete Campingplatz La Ferme Erromardie in<strong> Saint Jean de Luz<\/strong> im Departement Pyr\u00e9n\u00e9es-Atlantiques in einer au\u00dfergew\u00f6hnlichen Umgebung, in der du deine N\u00e4chte 50 Meter von einem familienfreundlichen <strong>Sandstrand<\/strong> entfernt und nur wenige Schritte von der spanischen Grenze entfernt verbringen kannst, w\u00e4hrend du vom Rauschen des Atlantischen Ozeans gewiegt wirst.  <\/p>\n\n\n\n<p class=\"ls-paragraph\">Die traditionellen Stellpl\u00e4tze f\u00fcr <strong>Wohnmobile <\/strong>sind zum Meer hin ausgerichtet und es gibt auch eine gro\u00dfe Auswahl an<strong> Mietmobilheimen<\/strong>: neue und komfortable Unterk\u00fcnfte, die komplett ausgestattet vermietet werden, um dir einen unbeschwerten Campingurlaub in Nouvelle Aquitaine zu bieten.<\/p>\n\n\n\n<p class=\"ls-paragraph\">Der <strong>Campingplatz im Baskenland<\/strong> umfasst 169 Stellpl\u00e4tze auf einer Fl\u00e4che von 2,5 Hektar mit B\u00e4umen und Blumen. Er verspricht dir einen Aufenthalt mit allem <strong>Komfort inmitten der Natur<\/strong> f\u00fcr einen Urlaub im Land der Piment d&#8217;Espelette.<\/p>\n\n\n\n<p class=\"ls-paragraph\">Unsere B\u00fcros sind von 8.30 Uhr bis 12.30 Uhr und von 13.30 Uhr bis 19.30 Uhr ge\u00f6ffnet.<\/p>\n<\/div>\n<\/div>\n\n\n\r\n<a href=\"https:\/\/www.camping-erromardie.com\/de\/4-sterne-camping-baskenland\/\" id=\"ls-button-block_196f5c70aa808816f131342845124c70\" target=\"\" rel=\"\" class=\"ls-button\">\r\n    <span>Unsere Dienstleistungen<\/span>\r\n\r\n            <i class=\"erromardie-chevron\"><\/i>\r\n    <\/a>\n\n\r\n<a href=\"\/wp-content\/uploads\/2025\/03\/planning-animation-toussaint_compressed.pdf\" id=\"ls-button-block_bbf69bbc7f465717cf98bc452894baf9\" target=\"_blank\" rel=\"\" class=\"ls-button halloween\">\r\n    <span>Programm Animation Allerheiligen<\/span>\r\n\r\n            <img decoding=\"async\" src=\"\/wp-content\/themes\/lasai-child\/assets\/images\/citrouille-dhalloween-color.png\" alt=\"Halloween\" style=\"width: 3rem; height: 3rem;\">\r\n    <\/a><\/div>\n\n\n\n<div class=\"wp-block-column is-layout-flow wp-block-column-is-layout-flow\" style=\"flex-basis:66.66%\">\n<figure class=\"wp-block-gallery has-nested-images columns-default is-cropped wp-block-gallery-1 is-layout-flex wp-block-gallery-is-layout-flex\">\n<figure class=\"wp-block-image size-full animated fadeIn delay-200ms\"><a href=\"https:\/\/www.camping-erromardie.com\/wp-content\/uploads\/2025\/04\/enfants-camping-la-ferme-erromardi.jpg\"><img loading=\"lazy\" decoding=\"async\" width=\"2022\" height=\"1350\" data-id=\"16751\" src=\"https:\/\/www.camping-erromardie.com\/wp-content\/uploads\/2025\/04\/enfants-camping-la-ferme-erromardi.jpg\" alt=\"kinder zelten auf dem bauernhof erromardi\" class=\"wp-image-16751\" srcset=\"https:\/\/www.camping-erromardie.com\/wp-content\/uploads\/2025\/04\/enfants-camping-la-ferme-erromardi.jpg 2022w, https:\/\/www.camping-erromardie.com\/wp-content\/uploads\/2025\/04\/enfants-camping-la-ferme-erromardi-300x200.jpg 300w, https:\/\/www.camping-erromardie.com\/wp-content\/uploads\/2025\/04\/enfants-camping-la-ferme-erromardi-1024x684.jpg 1024w, https:\/\/www.camping-erromardie.com\/wp-content\/uploads\/2025\/04\/enfants-camping-la-ferme-erromardi-768x513.jpg 768w, https:\/\/www.camping-erromardie.com\/wp-content\/uploads\/2025\/04\/enfants-camping-la-ferme-erromardi-1536x1026.jpg 1536w\" sizes=\"auto, (max-width: 2022px) 100vw, 2022px\" \/><\/a><\/figure>\n\n\n\n<figure class=\"wp-block-image size-full animated fadeIn\"><a href=\"https:\/\/www.camping-erromardie.com\/wp-content\/uploads\/2025\/04\/camping-saint-jean-de-luz-la-ferme-erromardie-pays-basque.jpg\"><img loading=\"lazy\" decoding=\"async\" width=\"2000\" height=\"1335\" data-id=\"17104\" src=\"https:\/\/www.camping-erromardie.com\/wp-content\/uploads\/2025\/04\/camping-saint-jean-de-luz-la-ferme-erromardie-pays-basque.jpg\" alt=\"camping saint jean de luz la ferme erromardie baskenland\" class=\"wp-image-17104\" srcset=\"https:\/\/www.camping-erromardie.com\/wp-content\/uploads\/2025\/04\/camping-saint-jean-de-luz-la-ferme-erromardie-pays-basque.jpg 2000w, https:\/\/www.camping-erromardie.com\/wp-content\/uploads\/2025\/04\/camping-saint-jean-de-luz-la-ferme-erromardie-pays-basque-300x200.jpg 300w, https:\/\/www.camping-erromardie.com\/wp-content\/uploads\/2025\/04\/camping-saint-jean-de-luz-la-ferme-erromardie-pays-basque-1024x684.jpg 1024w, https:\/\/www.camping-erromardie.com\/wp-content\/uploads\/2025\/04\/camping-saint-jean-de-luz-la-ferme-erromardie-pays-basque-768x513.jpg 768w, https:\/\/www.camping-erromardie.com\/wp-content\/uploads\/2025\/04\/camping-saint-jean-de-luz-la-ferme-erromardie-pays-basque-1536x1025.jpg 1536w\" sizes=\"auto, (max-width: 2000px) 100vw, 2000px\" \/><\/a><\/figure>\n<\/figure>\n<\/div>\n<\/div>\n\n\r\n    <\/div>\r\n<\/section><section id=\"ls-section-block_587801c9ef6e313345e848d3172b32c8\" class=\"ls-section  home-second has-m-t m-t-10\" >\r\n        <div class=\"container container--wide\">\r\n        \n\n<div class=\"wp-block-columns is-layout-flex wp-container-core-columns-is-layout-9d6595d7 wp-block-columns-is-layout-flex\">\n<div class=\"wp-block-column is-layout-flow wp-block-column-is-layout-flow\">\n<figure class=\"wp-block-image size-full\"><img loading=\"lazy\" decoding=\"async\" width=\"1863\" height=\"1237\" src=\"https:\/\/www.camping-erromardie.com\/wp-content\/uploads\/2025\/04\/Saint-Jean-de-Luz-Pays-Basque-Surf-1-e1745418989638.jpg\" alt=\"Saint Jean de Luz Baskenland Surfen\" class=\"wp-image-16936\" srcset=\"https:\/\/www.camping-erromardie.com\/wp-content\/uploads\/2025\/04\/Saint-Jean-de-Luz-Pays-Basque-Surf-1-e1745418989638.jpg 1863w, https:\/\/www.camping-erromardie.com\/wp-content\/uploads\/2025\/04\/Saint-Jean-de-Luz-Pays-Basque-Surf-1-e1745418989638-300x199.jpg 300w, https:\/\/www.camping-erromardie.com\/wp-content\/uploads\/2025\/04\/Saint-Jean-de-Luz-Pays-Basque-Surf-1-e1745418989638-1024x680.jpg 1024w, https:\/\/www.camping-erromardie.com\/wp-content\/uploads\/2025\/04\/Saint-Jean-de-Luz-Pays-Basque-Surf-1-e1745418989638-768x510.jpg 768w, https:\/\/www.camping-erromardie.com\/wp-content\/uploads\/2025\/04\/Saint-Jean-de-Luz-Pays-Basque-Surf-1-e1745418989638-1536x1020.jpg 1536w\" sizes=\"auto, (max-width: 1863px) 100vw, 1863px\" \/><figcaption class=\"wp-element-caption\">Im<em>Wellental<\/em><\/figcaption><\/figure>\n<\/div>\n\n\n\n<div class=\"wp-block-column is-layout-flow wp-block-column-is-layout-flow\">\n<div id=\"ls-heading ls-titre-div-block_f4a6577ec07723dd03448026367f7a3b\" class=\"ls-titre-div h1-like has-text-color has-color-4-color\" >\n    Ein Urlaub mit den F\u00fc\u00dfen im Wasser<\/div>\n\n\n\n<h2 class=\"ls__heading wp-block-heading has-color-1-color has-text-color has-link-color wp-elements-6dca5a0e3ba69d99667eaae621356ab6\">Warum Campingplatz Baskenland am Meer?<\/h2>\n\n\n\n<p class=\"ls-paragraph\">Unser Campingplatz liegt nur 50 m vom Strand von Erromardie entfernt! Der Strand und der Ozean sind direkt vom 4-Sterne-Campingplatz<strong> La Ferme d&#8217;Erromardie am Meer<\/strong>aus erreichbar. <\/p>\n\n\n\n<p class=\"ls-paragraph\">Der Strand im Stadtteil Erromardie ist ein ruhiger Sand- und Kieselstrand, der gro\u00df genug ist, um im Sommer beaufsichtigte Badeg\u00e4ste aufzunehmen und ein beliebter Surfspot f\u00fcr <strong>einen Urlaub im Baskenland<\/strong> zu sein.<\/p>\n\n\n\n<p class=\"ls-paragraph\">Die baskische K\u00fcste mit ihren <a href=\"https:\/\/www.camping-erromardie.com\/de\/baskenland\/die-baskischen-straende\/\" data-type=\"post\" data-id=\"14685\">sch\u00f6nen Str\u00e4nden<\/a>, Wassersportm\u00f6glichkeiten, Kinderspielpl\u00e4tzen und dem<strong> K\u00fcstenpfad <\/strong>ist <strong>ideal f\u00fcr Familien<\/strong> und eignet sich auch hervorragend zum Angeln zu Fu\u00df oder um einfach die sch\u00f6ne kleine Meereswelt zu beobachten, die sich bei Ebbe zwischen den Felsen offenbart.<\/p>\n\n\n\n<p class=\"ls-paragraph\">Der Strand von Erromardie, der an deinen <strong>Campingplatz Saint Jean de Luz<\/strong> angrenzt, wird zweifellos ein t\u00e4glicher Treffpunkt w\u00e4hrend deines Aufenthalts in einem Mobilheim sein!<\/p>\n\n\n\n<p class=\"ls-paragraph\">Der Strand und <strong>der Campingplatz Baskenland am Meer<\/strong> werden vom K\u00fcstenpfad ges\u00e4umt, der Bidart \u00fcber Socoa mit Hendaye verbindet: Durch einen t\u00e4glichen Spaziergang oder einen echten Familienausflug kann man auf diesem Fu\u00dfweg, der <strong>baskischen Corniche<\/strong>, die <strong>Bergkette der Pyren\u00e4en<\/strong> auf der einen Seite und die gro\u00dfe Vielfalt der Landschaften der <strong>baskischen K\u00fcste<\/strong> und des<strong>Atlantiks <\/strong>auf der anderen Seite entdecken.<\/p>\n\n\n\n<p class=\"ls-paragraph\">Pluspunkte:  <\/p>\n\n\n\n<ul style=\"text-transform:uppercase\" class=\"ls-list ls-list-undefined wp-block-list has-color-1-color has-text-color has-link-color wp-elements-5b493545aaa0905e7aff59b2a151f304\">\n<li>einen direkten Zugang zum Strand von Erromardie<\/li>\n\n\n\n<li>der Ozean, der vom Campingplatz aus sichtbar ist<\/li>\n\n\n\n<li>idealer Strand zum Surfen und Schwimmen<\/li>\n<\/ul>\n\n\n\n<div style=\"height:var(--wp--preset--spacing--20)\" aria-hidden=\"true\" class=\"wp-block-spacer\"><\/div>\n\n\n\r\n<a href=\"https:\/\/www.camping-erromardie.com\/de\/camping-baskenland-kueste\/\" id=\"ls-button-block_c407bf2f4d4dcb8975661d6417e23f82\" target=\"\" rel=\"\" class=\"ls-button\">\r\n    <span>Unsere Strandpromenade<\/span>\r\n\r\n            <i class=\"erromardie-chevron\"><\/i>\r\n    <\/a><\/div>\n<\/div>\n\n\r\n    <\/div>\r\n<\/section><section id=\"ls-section-block_fcdd3b4c5491cd78bd2b50b87c016300\" class=\"ls-section  home-third has-m-b m-b-0\" >\r\n        <div class=\"container container--wide\">\r\n        \n\n<div id=\"ls-heading ls-titre-div-block_38164958531ad56cd8d721e8c18de767\" class=\"ls-titre-div aligncenter h1-like has-text-color has-color-4-color\" >\n    Hier \u00fcbernachten<\/div>\n\n\n\n<div class=\"wp-block-columns is-layout-flex wp-container-core-columns-is-layout-9d6595d7 wp-block-columns-is-layout-flex\">\n<div class=\"wp-block-column is-layout-flow wp-block-column-is-layout-flow\">\n<figure class=\"wp-block-image size-full animated fadeIn\"><img loading=\"lazy\" decoding=\"async\" width=\"1100\" height=\"800\" src=\"https:\/\/www.camping-erromardie.com\/wp-content\/uploads\/2025\/03\/mobil-home-camping-erromardie.webp\" alt=\"mobilheim camping erromardie\" class=\"wp-image-552\" srcset=\"https:\/\/www.camping-erromardie.com\/wp-content\/uploads\/2025\/03\/mobil-home-camping-erromardie.webp 1100w, https:\/\/www.camping-erromardie.com\/wp-content\/uploads\/2025\/03\/mobil-home-camping-erromardie-300x218.webp 300w, https:\/\/www.camping-erromardie.com\/wp-content\/uploads\/2025\/03\/mobil-home-camping-erromardie-1024x745.webp 1024w, https:\/\/www.camping-erromardie.com\/wp-content\/uploads\/2025\/03\/mobil-home-camping-erromardie-768x559.webp 768w\" sizes=\"auto, (max-width: 1100px) 100vw, 1100px\" \/><\/figure>\n\n\n\n<div class=\"wp-block-columns is-layout-flex wp-container-core-columns-is-layout-9d6595d7 wp-block-columns-is-layout-flex\">\n<div class=\"wp-block-column has-color-6-background-color has-background is-layout-flow wp-block-column-is-layout-flow\">\n<div id=\"ls-heading ls-titre-div-block_62c1967ce2231e49494f4dcda1d033fc\" class=\"ls-titre-div h3-like has-text-color has-color-4-color\" >\n    Unsere Mobilheime<\/div>\n\n\n\n<h2 class=\"ls__heading wp-block-heading has-color-1-color has-text-color has-link-color wp-elements-abfd2a9b003cab1ad2dabe3453965271\">Mobilheimvermietung an der baskischen K\u00fcste<\/h2>\n\n\n\n<p class=\"ls-paragraph has-text-align-left\">M\u00f6chtest du f\u00fcr <strong>deinen Urlaub im Baskenland<\/strong> ein Mobilheim mieten? Der <strong>Familiencampingplatz La Ferme Erromardie<\/strong> bietet dir ein vielf\u00e4ltiges Angebot an zahlreichen<strong> Mobilheimen<\/strong>, die du f\u00fcr <strong>2 bis 6 Personen<\/strong><strong> mieten<\/strong> kannst. <strong>Alle unsere Mobilheime<\/strong> sind neueren Datums und einige verf\u00fcgen \u00fcber eine <strong>\u00fcberdachte Terrasse<\/strong>. Unsere Unterk\u00fcnfte sind <strong>f\u00fcr deinen Komfort <\/strong> konzipiert und <strong>ausgestattet <\/strong>: Schlafzimmer, Badezimmer (Dusche, Waschbecken, WC), Wohnzimmer, Heizung, Geschirr, Mikrowelle.  <\/p>\n\n\n\n<p class=\"ls-paragraph has-text-align-left\">Um dir die Organisation deines Campingurlaubs im S\u00fcdwesten zwischen den Bergen der Pyren\u00e4en und der Atlantikk\u00fcste zu erleichtern, haben alle unsere Mobilheim-Vermietungen einen Fernseher inklusive und werden mit <strong>Kopfkissen, Decken und Steppdecken<\/strong> geliefert. <strong>Urlauber mit eingeschr\u00e4nkter Mobilit\u00e4t<\/strong> sind nat\u00fcrlich herzlich willkommen und finden ein <strong>PMR-Angebot <\/strong>mit mehreren barrierefreien Campingpl\u00e4tzen und einem behindertengerechten Mobilheim. <\/p>\n\n\n\n<p class=\"ls-paragraph\">Pluspunkte:  <\/p>\n\n\n\n<ul style=\"text-transform:uppercase\" class=\"ls-list ls-list-undefined wp-block-list has-color-1-color has-text-color has-link-color wp-elements-c9c943f9cd8a3c8c421596c2af260ec2\">\n<li>10 Mobilheimserien<\/li>\n\n\n\n<li>neue Mietobjekte mit allem Komfort<\/li>\n\n\n\n<li>private Terrassen f\u00fcr jedes Mietobjekt<\/li>\n<\/ul>\n\n\n\n<div style=\"height:var(--wp--preset--spacing--20)\" aria-hidden=\"true\" class=\"wp-block-spacer\"><\/div>\n\n\n\r\n<a href=\"https:\/\/www.camping-erromardie.com\/de\/vermietung-mobilheim-baskenland\/\" id=\"ls-button-block_023f7eba18fbf0be9843c8d56435fb5c\" target=\"\" rel=\"\" class=\"ls-button\">\r\n    <span>Unsere Mobilheime<\/span>\r\n\r\n            <i class=\"erromardie-chevron\"><\/i>\r\n    <\/a><\/div>\n<\/div>\n\n\n\n<div class=\"wp-block-columns is-layout-flex wp-container-core-columns-is-layout-9d6595d7 wp-block-columns-is-layout-flex\">\n<div class=\"wp-block-column has-color-white-background-color has-background is-layout-flow wp-block-column-is-layout-flow\"><\/div>\n<\/div>\n<\/div>\n\n\n\n<div class=\"wp-block-column is-layout-flow wp-block-column-is-layout-flow\">\n<figure class=\"wp-block-image size-full animated fadeIn delay-200ms\"><img loading=\"lazy\" decoding=\"async\" width=\"2000\" height=\"1335\" src=\"https:\/\/www.camping-erromardie.com\/wp-content\/uploads\/2025\/04\/Cuisine-Camping-PMR-pays-basque.jpg\" alt=\"K&#xFC;che Camping PMR baskenland\" class=\"wp-image-12348\" srcset=\"https:\/\/www.camping-erromardie.com\/wp-content\/uploads\/2025\/04\/Cuisine-Camping-PMR-pays-basque.jpg 2000w, https:\/\/www.camping-erromardie.com\/wp-content\/uploads\/2025\/04\/Cuisine-Camping-PMR-pays-basque-300x200.jpg 300w, https:\/\/www.camping-erromardie.com\/wp-content\/uploads\/2025\/04\/Cuisine-Camping-PMR-pays-basque-1024x684.jpg 1024w, https:\/\/www.camping-erromardie.com\/wp-content\/uploads\/2025\/04\/Cuisine-Camping-PMR-pays-basque-768x513.jpg 768w, https:\/\/www.camping-erromardie.com\/wp-content\/uploads\/2025\/04\/Cuisine-Camping-PMR-pays-basque-1536x1025.jpg 1536w\" sizes=\"auto, (max-width: 2000px) 100vw, 2000px\" \/><\/figure>\n\n\n\n<div class=\"wp-block-columns is-layout-flex wp-container-core-columns-is-layout-9d6595d7 wp-block-columns-is-layout-flex\">\n<div class=\"wp-block-column has-color-6-background-color has-background is-layout-flow wp-block-column-is-layout-flow\">\n<div id=\"ls-heading ls-titre-div-block_a13f23dfefebf520fd99b8deaa7fd83c\" class=\"ls-titre-div h3-like has-text-color has-color-4-color\" >\n    Unser Mobilheim PMR<\/div>\n\n\n\n<h2 class=\"ls__heading wp-block-heading has-text-align-left has-color-1-color has-text-color has-link-color wp-elements-951126f806062a5eaa1fcb8493e92aa7\">Unterk\u00fcnfte, die f\u00fcr Menschen mit eingeschr\u00e4nkter Mobilit\u00e4t geeignet sind<\/h2>\n\n\n\n<p class=\"ls-paragraph has-text-align-left\">Damit jeder die au\u00dfergew\u00f6hnliche Umgebung der <strong>baskischen K\u00fcste<\/strong> im Urlaub genie\u00dfen kann, solltest du wissen, dass <strong>der Campingplatz Paradis la Ferme Erromardie<\/strong> \u00fcber<strong>Unterk\u00fcnfte<\/strong> verf\u00fcgt, die<strong>f\u00fcr Personen mit eingeschr\u00e4nkter Mobilit\u00e4t geeignet<\/strong> sind. Du m\u00f6chtest lieber in h\u00f6chstem Komfort <strong>am Strand von Saint-Jean-de-Luz <\/strong> wohnen? Das Mobilheim OSTADARRA ist vollst\u00e4ndig <strong>f\u00fcr Personen mit eingeschr\u00e4nkter Mobilit\u00e4t zug\u00e4nglich<\/strong>!    <\/p>\n\n\n\n<p class=\"ls-paragraph has-text-align-left\">Wenn du einen naturnahen Urlaub bevorzugst, bietet dir der Campingplatz La Ferme Erromardie Stellpl\u00e4tze mit direktem Zugang zu neuen Sanit\u00e4ranlagen (Neuheit 2021!) sowie Strom- und Wasseranschluss. Z\u00f6gere nicht l\u00e4nger und buche deine <strong>behindertengerechte Mietunterkunft<\/strong> f\u00fcr <strong>deinen Aufenthalt im Baskenland<\/strong>. <\/p>\n\n\n\n<p class=\"ls-paragraph\">Die Pluspunkte:<\/p>\n\n\n\n<ul style=\"text-transform:uppercase\" class=\"ls-list ls-list-undefined wp-block-list has-color-1-color has-text-color has-link-color wp-elements-395cff7e4eb9daa82e6fb3c956d16018\">\n<li>eine Reihe von Mobilheimen, die f\u00fcr alle zug\u00e4nglich sind<\/li>\n\n\n\n<li>ein brandneues PMR-Sanit\u00e4rgeb\u00e4ude<\/li>\n\n\n\n<li>PMR-Campingpl\u00e4tze<\/li>\n<\/ul>\n\n\n\n<div style=\"height:var(--wp--preset--spacing--20)\" aria-hidden=\"true\" class=\"wp-block-spacer\"><\/div>\n\n\n\r\n<a href=\"https:\/\/www.camping-erromardie.com\/de\/mobilheim-ostadara-saint-jean-de-luz\/\" id=\"ls-button-block_a542b0d96a8b4e18c9985e54eb5da900\" target=\"\" rel=\"\" class=\"ls-button\">\r\n    <span>Unser Mobilheim PMR<\/span>\r\n\r\n            <i class=\"erromardie-chevron\"><\/i>\r\n    <\/a><\/div>\n<\/div>\n<\/div>\n<\/div>\n\n\r\n    <\/div>\r\n<\/section><section id=\"ls-section-block_9568a25d7bd5e976bd9c9a2cfdb14ae4\" class=\"ls-section  home-fifth has-p-t p-t-0\" >\r\n        <div class=\"container container--wide\">\r\n        \n\n<figure class=\"wp-block-image size-full animated fadeIn\"><a href=\"https:\/\/www.camping-erromardie.com\/wp-content\/uploads\/2025\/05\/emplacement-camping-car-pays-basque.jpg\"><img loading=\"lazy\" decoding=\"async\" width=\"2022\" height=\"1350\" src=\"https:\/\/www.camping-erromardie.com\/wp-content\/uploads\/2025\/05\/emplacement-camping-car-pays-basque.jpg\" alt=\"Stellplatz f&#xFC;r Wohnmobile Baskenland\" class=\"wp-image-17756\" srcset=\"https:\/\/www.camping-erromardie.com\/wp-content\/uploads\/2025\/05\/emplacement-camping-car-pays-basque.jpg 2022w, https:\/\/www.camping-erromardie.com\/wp-content\/uploads\/2025\/05\/emplacement-camping-car-pays-basque-300x200.jpg 300w, https:\/\/www.camping-erromardie.com\/wp-content\/uploads\/2025\/05\/emplacement-camping-car-pays-basque-1024x684.jpg 1024w, https:\/\/www.camping-erromardie.com\/wp-content\/uploads\/2025\/05\/emplacement-camping-car-pays-basque-768x513.jpg 768w, https:\/\/www.camping-erromardie.com\/wp-content\/uploads\/2025\/05\/emplacement-camping-car-pays-basque-1536x1026.jpg 1536w\" sizes=\"auto, (max-width: 2022px) 100vw, 2022px\" \/><\/a><\/figure>\n\n\n\n<h2 class=\"ls__heading wp-block-heading has-text-align-left has-color-1-color has-text-color has-link-color wp-elements-9dd67d636c05048294dc5786930a73df\">Stellplatzvermietung im Baskenland<\/h2>\n\n\n\n<p class=\"ls-paragraph has-text-align-left\">F\u00fcr die Anh\u00e4nger des <strong>traditionellen Campings<\/strong>, die die Zeltplane dem Mobilheim vorziehen, sind die qualitativ hochwertigen <strong>Camping-Caravaning-Stellpl\u00e4tze <\/strong>f\u00fcr dich reserviert.<br\/>Du kannst mit <strong>deinem Zelt, deinem Wohnwagen oder deinem Wohnmobil <\/strong>auf unserem gr\u00fcnen und gut beschatteten Campingplatz <strong>Baskenland<\/strong> campen, dessen Fl\u00e4che dir <strong>Geselligkeit und Privatsph\u00e4re<\/strong> garantiert.<\/p>\n\n\n\n<p class=\"ls-paragraph has-text-align-left\"><strong>Unsere Stellpl\u00e4tze sind alle mit 16 A Strom ausgestattet<\/strong>. Wir bieten dir jedoch zwei Pauschalen an, um dich w\u00e4hrend deines Urlaubs in Saint Jean de Luz zufrieden zu stellen. <em>Du<\/em>kannst dich f\u00fcr die Pauschale Natur ohne Stromanschluss oder die Pauschale Komfort mit 16A Stromanschluss entscheiden. Ein <strong>Servicebereich <\/strong>f\u00fcr Wohnmobile steht dir ebenfalls zur Verf\u00fcgung, wenn du deine Campingreservierung auf der Ferme Erromardie durchf\u00fchrst. <\/p>\n\n\n\n<p class=\"ls-paragraph\">Die Pluspunkte:<\/p>\n\n\n\n<ul style=\"text-transform:uppercase\" class=\"ls-list ls-list-undefined wp-block-list has-color-1-color has-text-color has-link-color wp-elements-4d41cd73022119791ab1cb85ca0d7867\">\n<li>einen Servicebereich f\u00fcr Wohnmobile<\/li>\n\n\n\n<li>schattige Stellpl\u00e4tze<\/li>\n\n\n\n<li>saubere Sanit\u00e4ranlagen<\/li>\n<\/ul>\n\n\n\n<div style=\"height:var(--wp--preset--spacing--20)\" aria-hidden=\"true\" class=\"wp-block-spacer\"><\/div>\n\n\n\r\n<a href=\"https:\/\/www.camping-erromardie.com\/de\/vermietung-stellplaetze-baskenland\/\" id=\"ls-button-block_1bcdbf4afaad4ed52b92c85345aa1ea7\" target=\"\" rel=\"\" class=\"ls-button\">\r\n    <span>Unsere Standorte<\/span>\r\n\r\n            <i class=\"erromardie-chevron\"><\/i>\r\n    <\/a>\n\r\n    <\/div>\r\n<\/section><section id=\"ls-section-block_96d84b4d48eaf19d08b730eb4fcb4b27\" class=\"ls-section  home-fourth\" >\r\n        <div class=\"container container--wide\">\r\n        \n\n<div id=\"ls-heading ls-titre-div-block_9ed3c7d73252a0c5e4b7b26fce79705a\" class=\"ls-titre-div h1-like has-text-color has-color-4-color\" >\n    Genie\u00dfen<\/div>\n\n\n\n<div class=\"wp-block-columns selecteur-saison is-layout-flex wp-container-core-columns-is-layout-9d6595d7 wp-block-columns-is-layout-flex\">\n<div class=\"wp-block-column hors-saison is-layout-flow wp-block-column-is-layout-flow\">\n<i class=\"erromardie-leaf\"><\/i>\n\n\n\n<p class=\"ls-paragraph\">Au\u00dferhalb der Saison<\/p>\n<\/div>\n\n\n\n<div class=\"wp-block-column en-saison is-layout-flow wp-block-column-is-layout-flow\">\n<i class=\"erromardie-sun\"><\/i>\n\n\n\n<p class=\"ls-paragraph\">In der Saison<\/p>\n<\/div>\n<\/div>\n\n\n\n<div class=\"wp-block-columns is-layout-flex wp-container-core-columns-is-layout-9d6595d7 wp-block-columns-is-layout-flex\" id=\"en-saison\">\n<div class=\"wp-block-column is-layout-flow wp-block-column-is-layout-flow\">\n<figure class=\"wp-block-image size-full animated fadeIn\"><a href=\"https:\/\/www.camping-erromardie.com\/wp-content\/uploads\/2025\/04\/Ferme-Erromardie-animations-petanque.jpg\"><img loading=\"lazy\" decoding=\"async\" width=\"1000\" height=\"667\" src=\"https:\/\/www.camping-erromardie.com\/wp-content\/uploads\/2025\/04\/Ferme-Erromardie-animations-petanque.jpg\" alt=\"Erromardie Farm Petanque-Animationen\" class=\"wp-image-14654\" srcset=\"https:\/\/www.camping-erromardie.com\/wp-content\/uploads\/2025\/04\/Ferme-Erromardie-animations-petanque.jpg 1000w, https:\/\/www.camping-erromardie.com\/wp-content\/uploads\/2025\/04\/Ferme-Erromardie-animations-petanque-300x200.jpg 300w, https:\/\/www.camping-erromardie.com\/wp-content\/uploads\/2025\/04\/Ferme-Erromardie-animations-petanque-768x512.jpg 768w\" sizes=\"auto, (max-width: 1000px) 100vw, 1000px\" \/><\/a><\/figure>\n\n\n\n<figure class=\"wp-block-image size-full animated fadeIn\"><a href=\"https:\/\/www.camping-erromardie.com\/wp-content\/uploads\/2025\/04\/Activites-et-jeux-camping-la-ferme-erromardie.jpg\"><img loading=\"lazy\" decoding=\"async\" width=\"2000\" height=\"1333\" src=\"https:\/\/www.camping-erromardie.com\/wp-content\/uploads\/2025\/04\/Activites-et-jeux-camping-la-ferme-erromardie.jpg\" alt=\"Aktivit&#xE4;ten und Spiele Camping auf dem Bauernhof erromardie\" class=\"wp-image-17234\" srcset=\"https:\/\/www.camping-erromardie.com\/wp-content\/uploads\/2025\/04\/Activites-et-jeux-camping-la-ferme-erromardie.jpg 2000w, https:\/\/www.camping-erromardie.com\/wp-content\/uploads\/2025\/04\/Activites-et-jeux-camping-la-ferme-erromardie-300x200.jpg 300w, https:\/\/www.camping-erromardie.com\/wp-content\/uploads\/2025\/04\/Activites-et-jeux-camping-la-ferme-erromardie-1024x682.jpg 1024w, https:\/\/www.camping-erromardie.com\/wp-content\/uploads\/2025\/04\/Activites-et-jeux-camping-la-ferme-erromardie-768x512.jpg 768w, https:\/\/www.camping-erromardie.com\/wp-content\/uploads\/2025\/04\/Activites-et-jeux-camping-la-ferme-erromardie-1536x1024.jpg 1536w\" sizes=\"auto, (max-width: 2000px) 100vw, 2000px\" \/><\/a><\/figure>\n<\/div>\n\n\n\n<div class=\"wp-block-column is-layout-flow wp-block-column-is-layout-flow\">\n<figure class=\"wp-block-image size-full animated fadeIn delay-100ms\"><a href=\"https:\/\/www.camping-erromardie.com\/wp-content\/uploads\/2025\/04\/centre-ville-saint-jean-de-luz-rues-scaled-1.jpg\"><img loading=\"lazy\" decoding=\"async\" width=\"2000\" height=\"1334\" src=\"https:\/\/www.camping-erromardie.com\/wp-content\/uploads\/2025\/04\/centre-ville-saint-jean-de-luz-rues-scaled-1.jpg\" alt=\"stadtzentrum saint jean de luz rues scaled\" class=\"wp-image-17228\" srcset=\"https:\/\/www.camping-erromardie.com\/wp-content\/uploads\/2025\/04\/centre-ville-saint-jean-de-luz-rues-scaled-1.jpg 2000w, https:\/\/www.camping-erromardie.com\/wp-content\/uploads\/2025\/04\/centre-ville-saint-jean-de-luz-rues-scaled-1-300x200.jpg 300w, https:\/\/www.camping-erromardie.com\/wp-content\/uploads\/2025\/04\/centre-ville-saint-jean-de-luz-rues-scaled-1-1024x683.jpg 1024w, https:\/\/www.camping-erromardie.com\/wp-content\/uploads\/2025\/04\/centre-ville-saint-jean-de-luz-rues-scaled-1-768x512.jpg 768w, https:\/\/www.camping-erromardie.com\/wp-content\/uploads\/2025\/04\/centre-ville-saint-jean-de-luz-rues-scaled-1-1536x1025.jpg 1536w\" sizes=\"auto, (max-width: 2000px) 100vw, 2000px\" \/><\/a><\/figure>\n\n\n\n<figure class=\"wp-block-image size-full animated fadeIn delay-100ms\"><a href=\"https:\/\/www.camping-erromardie.com\/wp-content\/uploads\/2025\/04\/saint-jean_plage-erromardie-proche-du-camping-1.jpg\"><img loading=\"lazy\" decoding=\"async\" width=\"1000\" height=\"667\" src=\"https:\/\/www.camping-erromardie.com\/wp-content\/uploads\/2025\/04\/saint-jean_plage-erromardie-proche-du-camping-1.jpg\" alt=\"saint jean plage erromardie in der n&#xE4;he des campingplatzes\" class=\"wp-image-14551\" srcset=\"https:\/\/www.camping-erromardie.com\/wp-content\/uploads\/2025\/04\/saint-jean_plage-erromardie-proche-du-camping-1.jpg 1000w, https:\/\/www.camping-erromardie.com\/wp-content\/uploads\/2025\/04\/saint-jean_plage-erromardie-proche-du-camping-1-300x200.jpg 300w, https:\/\/www.camping-erromardie.com\/wp-content\/uploads\/2025\/04\/saint-jean_plage-erromardie-proche-du-camping-1-768x512.jpg 768w\" sizes=\"auto, (max-width: 1000px) 100vw, 1000px\" \/><\/a><\/figure>\n<\/div>\n\n\n\n<div class=\"wp-block-column is-layout-flow wp-block-column-is-layout-flow\">\n<figure class=\"wp-block-image size-full animated fadeIn delay-200ms\"><a href=\"https:\/\/www.camping-erromardie.com\/wp-content\/uploads\/2025\/04\/Erromardie-92.jpg\"><img loading=\"lazy\" decoding=\"async\" width=\"2026\" height=\"1350\" src=\"https:\/\/www.camping-erromardie.com\/wp-content\/uploads\/2025\/04\/Erromardie-92.jpg\" alt=\"Erromardie (92)\" class=\"wp-image-12142\" srcset=\"https:\/\/www.camping-erromardie.com\/wp-content\/uploads\/2025\/04\/Erromardie-92.jpg 2026w, https:\/\/www.camping-erromardie.com\/wp-content\/uploads\/2025\/04\/Erromardie-92-300x200.jpg 300w, https:\/\/www.camping-erromardie.com\/wp-content\/uploads\/2025\/04\/Erromardie-92-1024x682.jpg 1024w, https:\/\/www.camping-erromardie.com\/wp-content\/uploads\/2025\/04\/Erromardie-92-768x512.jpg 768w, https:\/\/www.camping-erromardie.com\/wp-content\/uploads\/2025\/04\/Erromardie-92-1536x1023.jpg 1536w\" sizes=\"auto, (max-width: 2026px) 100vw, 2026px\" \/><\/a><\/figure>\n\n\n\n<figure class=\"wp-block-image size-full animated fadeIn delay-200ms\"><a href=\"https:\/\/www.camping-erromardie.com\/wp-content\/uploads\/2025\/04\/7-animations-soiree-erromardie.jpg\"><img loading=\"lazy\" decoding=\"async\" width=\"2039\" height=\"1350\" src=\"https:\/\/www.camping-erromardie.com\/wp-content\/uploads\/2025\/04\/7-animations-soiree-erromardie.jpg\" alt=\"7 animationen soiree erromardie\" class=\"wp-image-12106\" srcset=\"https:\/\/www.camping-erromardie.com\/wp-content\/uploads\/2025\/04\/7-animations-soiree-erromardie.jpg 2039w, https:\/\/www.camping-erromardie.com\/wp-content\/uploads\/2025\/04\/7-animations-soiree-erromardie-300x199.jpg 300w, https:\/\/www.camping-erromardie.com\/wp-content\/uploads\/2025\/04\/7-animations-soiree-erromardie-1024x678.jpg 1024w, https:\/\/www.camping-erromardie.com\/wp-content\/uploads\/2025\/04\/7-animations-soiree-erromardie-768x508.jpg 768w, https:\/\/www.camping-erromardie.com\/wp-content\/uploads\/2025\/04\/7-animations-soiree-erromardie-1536x1017.jpg 1536w\" sizes=\"auto, (max-width: 2039px) 100vw, 2039px\" \/><\/a><\/figure>\n<\/div>\n<\/div>\n\n\n\n<div class=\"wp-block-columns is-layout-flex wp-container-core-columns-is-layout-9d6595d7 wp-block-columns-is-layout-flex\" id=\"hors-saison\">\n<div class=\"wp-block-column is-layout-flow wp-block-column-is-layout-flow\">\n<figure class=\"wp-block-image size-full animated fadeIn\"><a href=\"https:\/\/www.camping-erromardie.com\/wp-content\/uploads\/2025\/04\/Camping-Erromardie-46.jpg\"><img loading=\"lazy\" decoding=\"async\" width=\"2022\" height=\"1350\" src=\"https:\/\/www.camping-erromardie.com\/wp-content\/uploads\/2025\/04\/Camping-Erromardie-46.jpg\" alt=\"Campingplatz Erromardie 46\" class=\"wp-image-16690\" srcset=\"https:\/\/www.camping-erromardie.com\/wp-content\/uploads\/2025\/04\/Camping-Erromardie-46.jpg 2022w, https:\/\/www.camping-erromardie.com\/wp-content\/uploads\/2025\/04\/Camping-Erromardie-46-300x200.jpg 300w, https:\/\/www.camping-erromardie.com\/wp-content\/uploads\/2025\/04\/Camping-Erromardie-46-1024x684.jpg 1024w, https:\/\/www.camping-erromardie.com\/wp-content\/uploads\/2025\/04\/Camping-Erromardie-46-768x513.jpg 768w, https:\/\/www.camping-erromardie.com\/wp-content\/uploads\/2025\/04\/Camping-Erromardie-46-1536x1026.jpg 1536w\" sizes=\"auto, (max-width: 2022px) 100vw, 2022px\" \/><\/a><\/figure>\n\n\n\n<figure class=\"wp-block-image size-full animated fadeIn\"><a href=\"https:\/\/www.camping-erromardie.com\/wp-content\/uploads\/2025\/04\/Camping-Erromardie-8-1.jpg\"><img loading=\"lazy\" decoding=\"async\" width=\"2000\" height=\"1335\" src=\"https:\/\/www.camping-erromardie.com\/wp-content\/uploads\/2025\/04\/Camping-Erromardie-8-1.jpg\" alt=\"Campingplatz Erromardie 8\" class=\"wp-image-14599\" srcset=\"https:\/\/www.camping-erromardie.com\/wp-content\/uploads\/2025\/04\/Camping-Erromardie-8-1.jpg 2000w, https:\/\/www.camping-erromardie.com\/wp-content\/uploads\/2025\/04\/Camping-Erromardie-8-1-300x200.jpg 300w, https:\/\/www.camping-erromardie.com\/wp-content\/uploads\/2025\/04\/Camping-Erromardie-8-1-1024x684.jpg 1024w, https:\/\/www.camping-erromardie.com\/wp-content\/uploads\/2025\/04\/Camping-Erromardie-8-1-768x513.jpg 768w, https:\/\/www.camping-erromardie.com\/wp-content\/uploads\/2025\/04\/Camping-Erromardie-8-1-1536x1025.jpg 1536w\" sizes=\"auto, (max-width: 2000px) 100vw, 2000px\" \/><\/a><\/figure>\n<\/div>\n\n\n\n<div class=\"wp-block-column is-layout-flow wp-block-column-is-layout-flow\">\n<figure class=\"wp-block-image size-full animated fadeIn delay-100ms\"><a href=\"https:\/\/www.camping-erromardie.com\/wp-content\/uploads\/2025\/04\/Camping-Erromardie-environnement-49-1.jpg\"><img loading=\"lazy\" decoding=\"async\" width=\"2000\" height=\"1335\" src=\"https:\/\/www.camping-erromardie.com\/wp-content\/uploads\/2025\/04\/Camping-Erromardie-environnement-49-1.jpg\" alt=\"Campingplatz Erromardie umwelt 49\" class=\"wp-image-14536\" srcset=\"https:\/\/www.camping-erromardie.com\/wp-content\/uploads\/2025\/04\/Camping-Erromardie-environnement-49-1.jpg 2000w, https:\/\/www.camping-erromardie.com\/wp-content\/uploads\/2025\/04\/Camping-Erromardie-environnement-49-1-300x200.jpg 300w, https:\/\/www.camping-erromardie.com\/wp-content\/uploads\/2025\/04\/Camping-Erromardie-environnement-49-1-1024x684.jpg 1024w, https:\/\/www.camping-erromardie.com\/wp-content\/uploads\/2025\/04\/Camping-Erromardie-environnement-49-1-768x513.jpg 768w, https:\/\/www.camping-erromardie.com\/wp-content\/uploads\/2025\/04\/Camping-Erromardie-environnement-49-1-1536x1025.jpg 1536w\" sizes=\"auto, (max-width: 2000px) 100vw, 2000px\" \/><\/a><\/figure>\n\n\n\n<figure class=\"wp-block-image size-full animated fadeIn delay-100ms\"><a href=\"https:\/\/www.camping-erromardie.com\/wp-content\/uploads\/2025\/04\/Camping-Erromardie-soiree-94.jpg\"><img loading=\"lazy\" decoding=\"async\" width=\"2022\" height=\"1350\" src=\"https:\/\/www.camping-erromardie.com\/wp-content\/uploads\/2025\/04\/Camping-Erromardie-soiree-94.jpg\" alt=\"Campingplatz Erromardie Abend 94\" class=\"wp-image-16655\" srcset=\"https:\/\/www.camping-erromardie.com\/wp-content\/uploads\/2025\/04\/Camping-Erromardie-soiree-94.jpg 2022w, https:\/\/www.camping-erromardie.com\/wp-content\/uploads\/2025\/04\/Camping-Erromardie-soiree-94-300x200.jpg 300w, https:\/\/www.camping-erromardie.com\/wp-content\/uploads\/2025\/04\/Camping-Erromardie-soiree-94-1024x684.jpg 1024w, https:\/\/www.camping-erromardie.com\/wp-content\/uploads\/2025\/04\/Camping-Erromardie-soiree-94-768x513.jpg 768w, https:\/\/www.camping-erromardie.com\/wp-content\/uploads\/2025\/04\/Camping-Erromardie-soiree-94-1536x1026.jpg 1536w\" sizes=\"auto, (max-width: 2022px) 100vw, 2022px\" \/><\/a><\/figure>\n<\/div>\n\n\n\n<div class=\"wp-block-column is-layout-flow wp-block-column-is-layout-flow\">\n<figure class=\"wp-block-image size-full animated fadeIn delay-200ms\"><a href=\"https:\/\/www.camping-erromardie.com\/wp-content\/uploads\/2025\/04\/Ferme-Erromardie-selection-GT-etalo41-edited.jpg\"><img loading=\"lazy\" decoding=\"async\" width=\"668\" height=\"668\" src=\"https:\/\/www.camping-erromardie.com\/wp-content\/uploads\/2025\/04\/Ferme-Erromardie-selection-GT-etalo41-edited.jpg\" alt=\"Farm Erromardie selection GT etalo41\" class=\"wp-image-16608\" srcset=\"https:\/\/www.camping-erromardie.com\/wp-content\/uploads\/2025\/04\/Ferme-Erromardie-selection-GT-etalo41-edited.jpg 668w, https:\/\/www.camping-erromardie.com\/wp-content\/uploads\/2025\/04\/Ferme-Erromardie-selection-GT-etalo41-edited-300x300.jpg 300w, https:\/\/www.camping-erromardie.com\/wp-content\/uploads\/2025\/04\/Ferme-Erromardie-selection-GT-etalo41-edited-150x150.jpg 150w\" sizes=\"auto, (max-width: 668px) 100vw, 668px\" \/><\/a><\/figure>\n\n\n\n<figure class=\"wp-block-image size-full animated fadeIn delay-200ms\"><a href=\"https:\/\/www.camping-erromardie.com\/wp-content\/uploads\/2025\/04\/Randonneurs-pays-basque.jpg\"><img loading=\"lazy\" decoding=\"async\" width=\"2000\" height=\"1500\" src=\"https:\/\/www.camping-erromardie.com\/wp-content\/uploads\/2025\/04\/Randonneurs-pays-basque.jpg\" alt=\"Randonneurs-pays-basque\" class=\"wp-image-17085\" srcset=\"https:\/\/www.camping-erromardie.com\/wp-content\/uploads\/2025\/04\/Randonneurs-pays-basque.jpg 2000w, https:\/\/www.camping-erromardie.com\/wp-content\/uploads\/2025\/04\/Randonneurs-pays-basque-300x225.jpg 300w, https:\/\/www.camping-erromardie.com\/wp-content\/uploads\/2025\/04\/Randonneurs-pays-basque-1024x768.jpg 1024w, https:\/\/www.camping-erromardie.com\/wp-content\/uploads\/2025\/04\/Randonneurs-pays-basque-768x576.jpg 768w, https:\/\/www.camping-erromardie.com\/wp-content\/uploads\/2025\/04\/Randonneurs-pays-basque-1536x1152.jpg 1536w\" sizes=\"auto, (max-width: 2000px) 100vw, 2000px\" \/><\/a><\/figure>\n<\/div>\n<\/div>\n\n\n\n<div class=\"wp-block-columns is-layout-flex wp-container-core-columns-is-layout-9d6595d7 wp-block-columns-is-layout-flex\">\n<div class=\"wp-block-column ls-button__flex is-layout-flow wp-block-column-is-layout-flow\">\r\n<a href=\"https:\/\/www.camping-erromardie.com\/de\/freizeit-im-baskenland-campingplatz\/\" id=\"ls-button-block_983401d24af2f736ba1d30da0a2575e6\" target=\"\" rel=\"\" class=\"ls-button\">\r\n    <span>Unsere Animationen<\/span>\r\n\r\n            <i class=\"erromardie-chevron\"><\/i>\r\n    <\/a>\n\n\r\n<a href=\"https:\/\/www.camping-erromardie.com\/de\/freizeit-im-baskenland-campingplatz\/#club-enfant\" id=\"ls-button-block_50fd51923f5b27ccea942118617661e1\" target=\"\" rel=\"\" class=\"ls-button\">\r\n    <span>Unser Kinderclub<\/span>\r\n\r\n            <i class=\"erromardie-chevron\"><\/i>\r\n    <\/a><\/div>\n<\/div>\n\n\r\n    <\/div>\r\n<\/section><section id=\"ls-section-block_d0533acecb0a50dc530df8f5877c43a9\" class=\"ls-section  home-first alt\" >\r\n        <div class=\"container container--wide\">\r\n        \n\n<div class=\"wp-block-columns is-layout-flex wp-container-core-columns-is-layout-9d6595d7 wp-block-columns-is-layout-flex\">\n<div class=\"wp-block-column is-layout-flow wp-block-column-is-layout-flow\" style=\"flex-basis:33.33%\">\n<div id=\"ls-heading ls-titre-div-block_09452c24e11dab27fe0cf8a6f99b329c\" class=\"ls-titre-div h1-like has-text-color has-color-4-color\" >\n    Den Dip machen<\/div>\n\n\n\n<div class=\"wp-block-columns is-layout-flex wp-container-core-columns-is-layout-9d6595d7 wp-block-columns-is-layout-flex\">\n<div class=\"wp-block-column column-border is-layout-flow wp-block-column-is-layout-flow\">\n<h2 class=\"ls__heading wp-block-heading has-color-1-color has-text-color has-link-color wp-elements-d79be16719fd8cd31de41a512f706c36\">Warum solltest du unseren Campingplatz im Baskenland mit Wasserpark w\u00e4hlen?<\/h2>\n\n\n\n<p class=\"ls-paragraph\">Der<strong>Wasserbereich kann<\/strong> je nach Wetterlage<strong>\u00fcberdacht<\/strong> oder offen<strong>sein<\/strong>. Wenn du in der Nebensaison oder an einem regnerischen Morgen vorbeikommst, findest du auf <strong>unserem Campingplatz Baskenland mit Pool den<\/strong> idealen Pool f\u00fcr eine Runde Schwimmen oder einen Moment der Ruhe auf einer Sonnenliege.  <\/p>\n\n\n\n<p class=\"ls-paragraph\">Der Zugang zum Wasserpark ist sowohl von den Mobilheimen als auch von den Stellpl\u00e4tzen aus kostenlos. Im Kinderplanschbecken und im <strong>beheizten Pool<\/strong> gibt es zahlreiche<strong> Wasserspiele<\/strong>. <\/p>\n\n\n\n<p class=\"ls-paragraph\">Die Pluspunkte:<\/p>\n\n\n\n<ul style=\"text-transform:uppercase\" class=\"ls-list ls-list-undefined wp-block-list has-color-1-color has-text-color has-link-color wp-elements-b58b85e6f95a6bb04e2eb7e7627c5f1a\">\n<li>ein aufklappbares Hallenbad<\/li>\n\n\n\n<li>Wasserspiele zu deiner Verf\u00fcgung<\/li>\n\n\n\n<li>der Wasserbereich ist vollst\u00e4ndig beheizt<\/li>\n<\/ul>\n\n\n\n<div style=\"height:var(--wp--preset--spacing--20)\" aria-hidden=\"true\" class=\"wp-block-spacer\"><\/div>\n\n\n\r\n<a href=\"https:\/\/www.camping-erromardie.com\/de\/camping-baskenland-mit-schwimmbad\/\" id=\"ls-button-block_0179bbafb384aa6dd3ea793b6454aa8d\" target=\"\" rel=\"\" class=\"ls-button\">\r\n    <span>Unser Wasserbereich<\/span>\r\n\r\n            <i class=\"erromardie-chevron\"><\/i>\r\n    <\/a><\/div>\n<\/div>\n<\/div>\n\n\n\n<div class=\"wp-block-column is-layout-flow wp-block-column-is-layout-flow\" style=\"flex-basis:66.66%\">\n<figure class=\"wp-block-gallery has-nested-images columns-default is-cropped wp-block-gallery-2 is-layout-flex wp-block-gallery-is-layout-flex\">\n<figure class=\"wp-block-image size-full animated fadeIn delay-200ms\"><a href=\"https:\/\/www.camping-erromardie.com\/wp-content\/uploads\/2025\/04\/La-ferme-erromardi-camping-familial-avec-piscine.jpg\"><img loading=\"lazy\" decoding=\"async\" width=\"2000\" height=\"1335\" data-id=\"11541\" src=\"https:\/\/www.camping-erromardie.com\/wp-content\/uploads\/2025\/04\/La-ferme-erromardi-camping-familial-avec-piscine.jpg\" alt=\"La ferme erromardi Familiencampingplatz mit Schwimmbad\" class=\"wp-image-11541\" srcset=\"https:\/\/www.camping-erromardie.com\/wp-content\/uploads\/2025\/04\/La-ferme-erromardi-camping-familial-avec-piscine.jpg 2000w, https:\/\/www.camping-erromardie.com\/wp-content\/uploads\/2025\/04\/La-ferme-erromardi-camping-familial-avec-piscine-300x200.jpg 300w, https:\/\/www.camping-erromardie.com\/wp-content\/uploads\/2025\/04\/La-ferme-erromardi-camping-familial-avec-piscine-1024x684.jpg 1024w, https:\/\/www.camping-erromardie.com\/wp-content\/uploads\/2025\/04\/La-ferme-erromardi-camping-familial-avec-piscine-768x513.jpg 768w, https:\/\/www.camping-erromardie.com\/wp-content\/uploads\/2025\/04\/La-ferme-erromardi-camping-familial-avec-piscine-1536x1025.jpg 1536w\" sizes=\"auto, (max-width: 2000px) 100vw, 2000px\" \/><\/a><\/figure>\n\n\n\n<figure class=\"wp-block-image size-full animated fadeIn\"><a href=\"https:\/\/www.camping-erromardie.com\/wp-content\/uploads\/2025\/04\/enfants-et-la-piscine-du-camping-Erromardie.jpg\"><img loading=\"lazy\" decoding=\"async\" width=\"2026\" height=\"1350\" data-id=\"12091\" src=\"https:\/\/www.camping-erromardie.com\/wp-content\/uploads\/2025\/04\/enfants-et-la-piscine-du-camping-Erromardie.jpg\" alt=\"Kinder und das Schwimmbad auf dem Campingplatz Erromardie\" class=\"wp-image-12091\" srcset=\"https:\/\/www.camping-erromardie.com\/wp-content\/uploads\/2025\/04\/enfants-et-la-piscine-du-camping-Erromardie.jpg 2026w, https:\/\/www.camping-erromardie.com\/wp-content\/uploads\/2025\/04\/enfants-et-la-piscine-du-camping-Erromardie-300x200.jpg 300w, https:\/\/www.camping-erromardie.com\/wp-content\/uploads\/2025\/04\/enfants-et-la-piscine-du-camping-Erromardie-1024x682.jpg 1024w, https:\/\/www.camping-erromardie.com\/wp-content\/uploads\/2025\/04\/enfants-et-la-piscine-du-camping-Erromardie-768x512.jpg 768w, https:\/\/www.camping-erromardie.com\/wp-content\/uploads\/2025\/04\/enfants-et-la-piscine-du-camping-Erromardie-1536x1023.jpg 1536w\" sizes=\"auto, (max-width: 2026px) 100vw, 2026px\" \/><\/a><\/figure>\n<\/figure>\n<\/div>\n<\/div>\n\n\n\n<div class=\"wp-block-columns espace-aquatique is-layout-flex wp-container-core-columns-is-layout-9d6595d7 wp-block-columns-is-layout-flex\">\n<div class=\"wp-block-column animated fadeIn is-layout-flow wp-block-column-is-layout-flow\"><a href=\"https:\/\/www.camping-erromardie.com\/piscine\/\"    class=\"wp-block-tiptip-hyperlink-group-block\" >\n<figure class=\"wp-block-image size-full\"><img loading=\"lazy\" decoding=\"async\" width=\"700\" height=\"700\" src=\"https:\/\/www.camping-erromardie.com\/wp-content\/uploads\/2025\/03\/piscine-couverte-et-chauffee-camping-erromardie.webp\" alt=\"&#xFC;berdachtes und beheiztes schwimmbad camping erromardie\" class=\"wp-image-582\" srcset=\"https:\/\/www.camping-erromardie.com\/wp-content\/uploads\/2025\/03\/piscine-couverte-et-chauffee-camping-erromardie.webp 700w, https:\/\/www.camping-erromardie.com\/wp-content\/uploads\/2025\/03\/piscine-couverte-et-chauffee-camping-erromardie-300x300.webp 300w, https:\/\/www.camping-erromardie.com\/wp-content\/uploads\/2025\/03\/piscine-couverte-et-chauffee-camping-erromardie-150x150.webp 150w\" sizes=\"auto, (max-width: 700px) 100vw, 700px\" \/><\/figure>\n\n<p class=\"ls-paragraph has-text-align-center\">Beheiztes Hallenbad <br\/><\/p>\n<\/a><\/div>\n\n\n\n<div class=\"wp-block-column animated fadeIn delay-100ms is-layout-flow wp-block-column-is-layout-flow\"><a href=\"https:\/\/www.camping-erromardie.com\/piscine\/#pataugeoire\"    class=\"wp-block-tiptip-hyperlink-group-block\" >\n<figure class=\"wp-block-image size-full\"><img loading=\"lazy\" decoding=\"async\" width=\"500\" height=\"500\" src=\"https:\/\/www.camping-erromardie.com\/wp-content\/uploads\/2025\/03\/pataugeoire-camping-erromardie.webp\" alt=\"planschbecken camping erromardie\" class=\"wp-image-557\" srcset=\"https:\/\/www.camping-erromardie.com\/wp-content\/uploads\/2025\/03\/pataugeoire-camping-erromardie.webp 500w, https:\/\/www.camping-erromardie.com\/wp-content\/uploads\/2025\/03\/pataugeoire-camping-erromardie-300x300.webp 300w, https:\/\/www.camping-erromardie.com\/wp-content\/uploads\/2025\/03\/pataugeoire-camping-erromardie-150x150.webp 150w\" sizes=\"auto, (max-width: 500px) 100vw, 500px\" \/><\/figure>\n\n<p class=\"ls-paragraph has-text-align-center\">Planschbecken<\/p>\n<\/a><\/div>\n\n\n\n<div class=\"wp-block-column animated fadeIn delay-200ms is-layout-flow wp-block-column-is-layout-flow\"><a href=\"https:\/\/www.camping-erromardie.com\/piscine\/#jeux-eau\"    class=\"wp-block-tiptip-hyperlink-group-block\" >\n<figure class=\"wp-block-image size-full\"><img loading=\"lazy\" decoding=\"async\" width=\"500\" height=\"500\" src=\"https:\/\/www.camping-erromardie.com\/wp-content\/uploads\/2025\/03\/jeux-aquatiques-enfants-camping-erromardie.webp\" alt=\"wasserspiele kinder camping erromardie\" class=\"wp-image-532\" srcset=\"https:\/\/www.camping-erromardie.com\/wp-content\/uploads\/2025\/03\/jeux-aquatiques-enfants-camping-erromardie.webp 500w, https:\/\/www.camping-erromardie.com\/wp-content\/uploads\/2025\/03\/jeux-aquatiques-enfants-camping-erromardie-300x300.webp 300w, https:\/\/www.camping-erromardie.com\/wp-content\/uploads\/2025\/03\/jeux-aquatiques-enfants-camping-erromardie-150x150.webp 150w\" sizes=\"auto, (max-width: 500px) 100vw, 500px\" \/><\/figure>\n\n<p class=\"ls-paragraph has-text-align-center\">Wasserspiele<\/p>\n<\/a><\/div>\n\n\n\n<div class=\"wp-block-column animated fadeIn delay-500ms is-layout-flow wp-block-column-is-layout-flow\"><a href=\"https:\/\/www.camping-erromardie.com\/piscine\/#aquagym\"    class=\"wp-block-tiptip-hyperlink-group-block\" >\n<figure class=\"wp-block-image size-full\"><img loading=\"lazy\" decoding=\"async\" width=\"425\" height=\"425\" src=\"https:\/\/www.camping-erromardie.com\/wp-content\/uploads\/2025\/03\/aquagym-camping-erromardie.webp\" alt=\"wassergymnastik camping erromardie\" class=\"wp-image-492\" srcset=\"https:\/\/www.camping-erromardie.com\/wp-content\/uploads\/2025\/03\/aquagym-camping-erromardie.webp 425w, https:\/\/www.camping-erromardie.com\/wp-content\/uploads\/2025\/03\/aquagym-camping-erromardie-300x300.webp 300w, https:\/\/www.camping-erromardie.com\/wp-content\/uploads\/2025\/03\/aquagym-camping-erromardie-150x150.webp 150w\" sizes=\"auto, (max-width: 425px) 100vw, 425px\" \/><\/figure>\n\n<p class=\"ls-paragraph has-text-align-center\">Wassergymnastik<\/p>\n<\/a><\/div>\n<\/div>\n\n\r\n    <\/div>\r\n<\/section><section id=\"ls-section-block_7ca2f26a844b16ee921d8df71a6a93ba\" class=\"ls-section  home-sixth\" >\r\n        <div class=\"container container--full\">\r\n        \n\n<div class=\"wp-block-columns is-layout-flex wp-container-core-columns-is-layout-9d6595d7 wp-block-columns-is-layout-flex\">\n<div class=\"wp-block-column is-layout-flow wp-block-column-is-layout-flow\" style=\"flex-basis:33.33%\">\n<div id=\"ls-heading ls-titre-div-block_71ae893f40737b678a3b0e132feb576c\" class=\"ls-titre-div h1-like has-text-color has-color-4-color\" >\n    Zum Erkunden<\/div>\n\n\n\n<div class=\"wp-block-columns is-layout-flex wp-container-core-columns-is-layout-9d6595d7 wp-block-columns-is-layout-flex\">\n<div class=\"wp-block-column column-border is-layout-flow wp-block-column-is-layout-flow\">\n<h2 class=\"ls__heading wp-block-heading has-text-align-left has-color-1-color has-text-color has-link-color wp-elements-8457b373298f53b49ab4b6dbe98ee568\">Was kannst du w\u00e4hrend deines Aufenthalts im Baskenland unternehmen?<\/h2>\n\n\n\n<p class=\"ls-paragraph has-text-align-left\">Camping im <a href=\"https:\/\/www.camping-erromardie.com\/de\/campingplatz-spanisches-baskenland\/\" data-type=\"page\" data-id=\"15615\">spanischen Baskenland<\/a> oder auf der franz\u00f6sischen Seite, kein Z\u00f6gern mehr, die Ferme d&#8217;Erromardie wird dein Ausgangspunkt sein, um das gesamte Baskenland zu besuchen!  <\/p>\n\n\n\n<div class=\"ls-lire-plus\">\n    <input id=\"ls-lire-plus-block_87099f098ac329b4b143a10e67b4314469f41af595ab1\" type=\"checkbox\" class=\"ls-lire-plus__toggle\"  \/>\n    <label for=\"ls-lire-plus-block_87099f098ac329b4b143a10e67b4314469f41af595ab1\" class=\"ls-lire-plus__toggle-label\">\n        <span>Lesen Sie mehr<\/span>\n        <span>Lire moins<\/span>\n    <\/label>\n    <div class=\"ls-lire-plus__content\">\n        \n\n<p class=\"ls-paragraph\">Die <strong>baskische K\u00fcste durchstreifen:<\/strong> Die baskische K\u00fcste, die sich 300 m entlang des Atlantiks zwischen Biarritz und der spanischen Grenze erstreckt, ist voller Sehensw\u00fcrdigkeiten: Du kannst entweder \u00fcber das charmante Dorf <strong>Gu\u00e9thary<\/strong> nach <a href=\"https:\/\/www.camping-erromardie.com\/de\/camping-bidart\/\" data-type=\"page\" data-id=\"338\">Bidart <\/a>aufsteigen oder zum <strong>Punkt der Sainte-Barbe<\/strong> hinabsteigen, um einen unglaublichen Blick auf die Bucht von <em>Saint-Jean-de-Luz<\/em> zu genie\u00dfen. Der Weg f\u00fchrt weiter bis zum sch\u00f6nen Dorf<strong>Urrugne <\/strong>und dann nach<a href=\"https:\/\/www.camping-erromardie.com\/de\/camping-hendaye\/\" data-type=\"page\" data-id=\"362\">Hendaye<\/a>, vorbei am <strong>Hafen von Ciboure <\/strong>und dem Gebiet des Schlossobservatoriums von Abbadia. In der N\u00e4he des ber\u00fchmten Rocher de la Vierge, des Meeresmuseums und des <strong>Rhune-Zuges<\/strong> ist der Campingplatz La Ferme Erromardie ein idealer Ausgangspunkt, um <strong>die K\u00fcste und das Baskenland insgesamt zu besichtigen<\/strong>, aber auch um <a href=\"https:\/\/www.camping-erromardie.com\/de\/baskenland\/baskenland\/\" data-type=\"post\" data-id=\"13909\">das Kulturerbe des<\/a> <strong>Baskenlandes<\/strong> zu entdecken! Du bist au\u00dferdem nur 10 km von der Cit\u00e9 de l&#8217;Oc\u00e9an in <a href=\"https:\/\/www.camping-erromardie.com\/de\/camping-biarritz\/\" data-type=\"page\" data-id=\"334\">Biarritz<\/a>, der Stadt des Jungfrauenfelsens, und 30 Minuten von <a href=\"https:\/\/www.camping-erromardie.com\/de\/camping-bayonne\/\" data-type=\"page\" data-id=\"330\">Bayonne<\/a> in der Provinz Labourd entfernt.  <\/p>\n\n\n\n<p class=\"ls-paragraph\"><strong>Das innere Baskenland besuchen:<\/strong> Bei einem Urlaub im Baskenland auf dem 4-Sterne-Campingplatz La Ferme Erromardie trennen dich nur 20 bis 30 Minuten von den <em>typischen baskischen D\u00f6rfern<\/em> des <a href=\"https:\/\/www.camping-erromardie.com\/de\/baskenland\/karte-franzoesisches-baskenland\/\" data-type=\"post\" data-id=\"14692\">franz\u00f6sischen Baskenlands<\/a> wie <a href=\"https:\/\/www.camping-erromardie.com\/de\/camping-espelette\/\" data-type=\"page\" data-id=\"354\">Espelette<\/a>, <a href=\"https:\/\/www.camping-erromardie.com\/de\/camping-cambo-les-bains\/\" data-type=\"page\" data-id=\"346\">Cambo<\/a>, <a href=\"https:\/\/www.camping-erromardie.com\/de\/camping-hasparren\/\" data-type=\"page\" data-id=\"358\">Hasparren<\/a>,<a href=\"https:\/\/www.camping-erromardie.com\/de\/camping-itxassou\/\" data-type=\"page\" data-id=\"366\">Itxassou <\/a>oder<a href=\"https:\/\/www.camping-erromardie.com\/de\/camping-ascain\/\" data-type=\"page\" data-id=\"326\">Ascain<\/a> mit seinem ber\u00fchmten Rhune-Zug und Maul\u00e9on in <em>der Soule <\/em>, etwa eine Stunde von <a href=\"https:\/\/www.camping-erromardie.com\/de\/camping-saint-jean-pied-de-port\/\" data-type=\"page\" data-id=\"374\">St-Jean-Pied-de-Port<\/a> (Hauptstadt von Baja-Navarra) am Fu\u00dfe der Pyren\u00e4enberge entfernt.<\/p>\n\n\n\n<p class=\"ls-paragraph\"><strong>Auf der spanischen Seite spazieren gehen:<\/strong> Du fragst dich, wie weit unser Campingplatz vom spanischen Baskenland entfernt ist? Wenn du bei uns Urlaub machst, bist du nur 36 km oder 35 Minuten vom alten Zentrum von <a href=\"https:\/\/www.camping-erromardie.com\/de\/camping-san-sebastian\/\" data-type=\"page\" data-id=\"378\">San Sebastian<\/a>, der Hauptstadt von <em>Guipuzcoa<\/em> in Spanien, entfernt. Du kannst deine <strong>Entdeckungsreise durch das<\/strong> <a href=\"https:\/\/www.camping-erromardie.com\/de\/spanisches-baskenland\/\" data-type=\"post\" data-id=\"15621\">Baskenland<\/a> auch in anderen <a href=\"https:\/\/www.camping-erromardie.com\/de\/spanisches-baskenland\/karte-spanisches-baskenland\/\" data-type=\"post\" data-id=\"14725\">spanischen Provinzen<\/a> fortsetzen, indem du an den ber\u00fchmten Festen von Pamplona in <em>Navarra<\/em> teilnimmst oder das Guggenheim-Museum in <a href=\"https:\/\/www.camping-erromardie.com\/de\/camping-bilbao\/\" data-type=\"page\" data-id=\"342\">Bilbao<\/a>, der Hauptstadt der <em>Provinz Vizcaya<\/em>, besuchst, ohne die <em>Provinz Alava<\/em> und ihre Hauptstadt Vitoria-Gasteiz zu vergessen.  <\/p>\n\n\n\n<p class=\"ls-paragraph\">Die Pluspunkte:<\/p>\n\n\n\n<ul style=\"text-transform:uppercase\" class=\"ls-list ls-list-undefined wp-block-list has-color-1-color has-text-color has-link-color wp-elements-a591fad366d682e8897186af4dc79d64\">\n<li>zwischen dem franz\u00f6sischen und dem spanischen Baskenland<\/li>\n\n\n\n<li>10 Min. vom Zentrum von Saint Jean de Luz entfernt<\/li>\n\n\n\n<li>30 Min. vom inneren Baskenland entfernt<\/li>\n<\/ul>\n\n        <div class=\"ls-lire-plus__gradient\" style=\"background: linear-gradient(to bottom,rgba(255,255,255,0) 0%,rgba(255,255,255,1) 100%);\"><\/div>\n    <\/div>\n<\/div>\n\n\n<div style=\"height:var(--wp--preset--spacing--20)\" aria-hidden=\"true\" class=\"wp-block-spacer\"><\/div>\n\n\n\r\n<a href=\"https:\/\/www.camping-erromardie.com\/de\/baskenland\/\" id=\"ls-button-block_e3ffdbd2af058b1abbd8e1b8d1ff3ea1\" target=\"\" rel=\"\" class=\"ls-button\">\r\n    <span>Das Baskenland<\/span>\r\n\r\n            <i class=\"erromardie-chevron\"><\/i>\r\n    <\/a><\/div>\n<\/div>\n<\/div>\n\n\n\n<div class=\"wp-block-column is-layout-flow wp-block-column-is-layout-flow\" style=\"flex-basis:66.66%\">\n<div id=\"ls-maillage-block_8234524fb132168fcc19258cec7e23c9\" class=\"ls-maillage is-slider-child cta-style-normal\" data-rows=\"4\">\n\n    <div class=\"wp-block-columns\"><div class=\"wp-block-column\">\n\n<a href=\"https:\/\/www.camping-erromardie.com\/de\/baskenland\/\" target=\"\" rel=\"noopener\" class=\"ls-cta__link baskenland\" data-categ=\" baskenland\">\n\t<div class=\"ls-cta__image\"><img decoding=\"async\" src=\"https:\/\/www.camping-erromardie.com\/wp-content\/uploads\/2025\/04\/Pays-Basque-Ainoha.jpg\" alt=\"Das Baskenland\"><\/div>\n\t<div class=\"ls-cta__title\">\n\t\tDas Baskenland\t<\/div>\n\n\t<\/a><\/div><div class=\"wp-block-column\">\n\n<a href=\"https:\/\/www.camping-erromardie.com\/de\/atlantische-pyrenaen\/\" target=\"\" rel=\"noopener\" class=\"ls-cta__link atlantische-pyrenaen\" data-categ=\" atlantische-pyrenaen\">\n\t<div class=\"ls-cta__image\"><img decoding=\"async\" src=\"https:\/\/www.camping-erromardie.com\/wp-content\/uploads\/2025\/04\/Pyrenees-Atlantiques.jpg\" alt=\"Die Atlantischen Pyren\u00e4en\"><\/div>\n\t<div class=\"ls-cta__title\">\n\t\tDie Atlantischen Pyren\u00e4en\t<\/div>\n\n\t<\/a><\/div><div class=\"wp-block-column\">\n\n<a href=\"https:\/\/www.camping-erromardie.com\/de\/spanisches-baskenland\/\" target=\"\" rel=\"noopener\" class=\"ls-cta__link spanisches-baskenland\" data-categ=\" spanisches-baskenland\">\n\t<div class=\"ls-cta__image\"><img decoding=\"async\" src=\"https:\/\/www.camping-erromardie.com\/wp-content\/uploads\/2025\/04\/donostia-2.jpg\" alt=\"Das spanische Baskenland\"><\/div>\n\t<div class=\"ls-cta__title\">\n\t\tDas spanische Baskenland\t<\/div>\n\n\t<\/a><\/div><div class=\"wp-block-column\">\n\n<a href=\"https:\/\/www.camping-erromardie.com\/de\/pays-basque\/kultur-und-traditionen\/\" target=\"\" rel=\"noopener\" class=\"ls-cta__link baskenland\" data-categ=\" baskenland\">\n\t<div class=\"ls-cta__image\"><img decoding=\"async\" src=\"https:\/\/www.camping-erromardie.com\/wp-content\/uploads\/2020\/03\/danse-basque-1.jpg\" alt=\"Kultur und Traditionen\"><\/div>\n\t<div class=\"ls-cta__title\">\n\t\tKultur und Traditionen\t<\/div>\n\n\t<\/a><\/div><div class=\"wp-block-column\">\n\n<a href=\"https:\/\/www.camping-erromardie.com\/de\/pays-basque\/gastronomie\/\" target=\"\" rel=\"noopener\" class=\"ls-cta__link baskenland\" data-categ=\" baskenland\">\n\t<div class=\"ls-cta__image\"><img decoding=\"async\" src=\"https:\/\/www.camping-erromardie.com\/wp-content\/uploads\/2025\/04\/fonta_5-scaled.jpg\" alt=\"Baskische Gastronomie\"><\/div>\n\t<div class=\"ls-cta__title\">\n\t\tBaskische Gastronomie\t<\/div>\n\n\t<\/a><\/div><\/div>\n<\/div><\/div>\n<\/div>\n\n\r\n    <\/div>\r\n<\/section><section id=\"ls-section-block_a91300272b685d2b77ab0edc1de8ee00\" class=\"ls-section  home-seventh has-background-image has-parallax has-background has-color-2-background-color\" >\r\n    <div class=\"ls-section__background-image opacity-15\"><img decoding=\"async\" src=\"https:\/\/www.camping-erromardie.com\/wp-content\/uploads\/2025\/04\/Saint-Jean-de-Luz-Paysage.jpg\" alt=\"Paysage Saint Jean de Luz au Pays Basque\"><\/div>    <div class=\"container container--wide\">\r\n        \n\n<div id=\"ls-heading ls-titre-div-block_09e8dda029d925327b5359f3b77b55f1\" class=\"ls-titre-div aligncenter h1-like has-text-color has-color-5-color\" >\n    Entdecke Saint Jean de Luz<\/div>\n\n\n\n<div style=\"height:16px\" aria-hidden=\"true\" class=\"wp-block-spacer\"><\/div>\n\n\n\n<p class=\"ls-paragraph has-color-white-color has-text-color has-link-color wp-elements-0c31ea8d1c74664a3305e9e4788fb362\">Dort kannst du das ehemalige Wohnhaus <a href=\"https:\/\/www.camping-erromardie.com\/de\/saint-jean-de-luz\/\" data-type=\"category\" data-id=\"52\">von<\/a> Ludwig XIV. auf dem gleichnamigen Platz besichtigen, durch die Rue Gambetta mit ihren zahlreichen Gesch\u00e4ften schlendern, an der Nivelle entlang spazieren, dich am Grande Plage sonnen oder am Hafen fangfrischen Fisch kaufen.<\/p>\n\n\n\n<div id=\"ls-maillage-block_dd520100e7b9cc1abc6c327912f8703a\" class=\"ls-maillage cta-style-normal\" data-rows=\"3\">\n\n    <div class=\"wp-block-columns\"><div class=\"wp-block-column\">\n\n<a href=\"https:\/\/www.camping-erromardie.com\/de\/saint-jean-de-luz\/thalasso\/\" target=\"\" rel=\"noopener\" class=\"ls-cta__link\" data-categ=\"\">\n\t<div class=\"ls-cta__image\"><img decoding=\"async\" src=\"https:\/\/www.camping-erromardie.com\/wp-content\/uploads\/2025\/04\/thalasso.jpg\" alt=\"thalasso au pays basque - camping la ferme erromardie\"><\/div>\n\t<div class=\"ls-cta__title\">\n\t\tThalasso\t<\/div>\n\n\t\t\t<div class=\"ls-cta__description\">\n\t\t\tDie besten Thalassotherapiezentren in Saint-Jean-de-Luz: Thalazur Spa Marin und Loreamar Thalasso Spa.  \r\n\t\t<\/div>\n\t<\/a><\/div><div class=\"wp-block-column\">\n\n<a href=\"https:\/\/www.camping-erromardie.com\/saint-jean-de-luz\/balades-en-bateau\/\" target=\"\" rel=\"noopener\" class=\"ls-cta__link\" data-categ=\"\">\n\t<div class=\"ls-cta__image\"><img decoding=\"async\" src=\"https:\/\/www.camping-erromardie.com\/wp-content\/uploads\/2025\/04\/ciboure-peche-bateaux.jpg\" alt=\"ciboure au pays basque peche bateaux\"><\/div>\n\t<div class=\"ls-cta__title\">\n\t\tBootsfahrt\t<\/div>\n\n\t\t\t<div class=\"ls-cta__description\">\n\t\t\tDie besten Bootsfahrten von Saint-Jean-de-Luz aus.\r\n\t\t<\/div>\n\t<\/a><\/div><div class=\"wp-block-column\">\n\n<a href=\"https:\/\/www.camping-erromardie.com\/saint-jean-de-luz\/ecoles-de-surf\/\" target=\"\" rel=\"noopener\" class=\"ls-cta__link\" data-categ=\"\">\n\t<div class=\"ls-cta__image\"><img decoding=\"async\" src=\"https:\/\/www.camping-erromardie.com\/wp-content\/uploads\/2025\/04\/ecoles-de-surf-a-Saint-Jean-de-Luz.jpg\" alt=\"\u00e9coles de surf \u00e0 Saint Jean de Luz au pays basque\"><\/div>\n\t<div class=\"ls-cta__title\">\n\t\tSurf\t<\/div>\n\n\t\t\t<div class=\"ls-cta__description\">\n\t\t\tAnf\u00e4nger- und Fortgeschrittenenkurse\/-praktika f\u00fcr Surfer aller Niveaus.\t\t<\/div>\n\t<\/a><\/div><\/div>\n<\/div>\n\r\n    <\/div>\r\n<\/section><section id=\"ls-section-block_f6c1764dfe776534a2cdfa29543e1428\" class=\"ls-section  home-eighth\" >\r\n        <div class=\"container \">\r\n        \n\n<div class=\"wp-block-columns is-layout-flex wp-container-core-columns-is-layout-9d6595d7 wp-block-columns-is-layout-flex\">\n<div class=\"wp-block-column animated fadeIn has-color-6-background-color has-background is-layout-flow wp-block-column-is-layout-flow\" style=\"flex-basis:25%\">\n<i class=\"erromardie-positive-review\"><\/i>\n\n\n\n<div id=\"ls-heading ls-titre-div-block_ea105eccfe7399c3cfcb5d1d821b538a\" class=\"ls-titre-div h1-like has-text-color has-color-5-color\" >\n    Die Meinungen<\/div>\n\n\n\n<div id=\"ls-heading ls-titre-div-block_34e2cd24eb1ccde266159f8a8e7107d4\" class=\"ls-titre-div h3-like has-text-color has-color-1-color\" >\n    In ihren Gedanken<\/div>\n<\/div>\n\n\n\n<div class=\"wp-block-column is-layout-flow wp-block-column-is-layout-flow\" style=\"flex-basis:75%\"><div class=\"ls-avis-container\"><div class=\"ls-avis\"><div class=\"ls-avis-content\">Nous avons pass\u00e9s 12 jours jours parfait., emplacement propre et spacieux id\u00e9al pour notre grande tente 3 chambres et notre remorque. Sanitaire tr\u00e8s propre, nettoy\u00e9 plusieurs fois par jour. Personnel (animateurs et direction) tr\u00e8s gentil et serviable. Amination en journ\u00e9e comme le soir sympa. De plus la proximit\u00e9 de la plage est id\u00e9ale et la possibilit\u00e9 des transports en commun si proche du camping c&#8217;est super !!!Nous y retournerons avec plaisir.<\/div><div class=\"ls-avis-footer\"><div class=\"ls-avis-auteur\">Audrey Mercurin<\/div> - <div class=\"ls-avis-date\">Juillet 2024<\/div><div class=\"ls-avis-etoile-wrapper\"> <span class=\"erromardie-etoile\"><\/span> <span class=\"erromardie-etoile\"><\/span> <span class=\"erromardie-etoile\"><\/span> <span class=\"erromardie-etoile\"><\/span> <span class=\"erromardie-etoile\"><\/span><div class=\"ls-avis-etoile\" style=\"width : calc(100% * 1)\"> <span class=\"erromardie-etoile\"><\/span> <span class=\"erromardie-etoile\"><\/span> <span class=\"erromardie-etoile\"><\/span> <span class=\"erromardie-etoile\"><\/span> <span class=\"erromardie-etoile\"><\/span> <\/div><\/div><\/div><\/div><div class=\"ls-avis\"><div class=\"ls-avis-content\">On y \u00e9tait en septembre et d\u00e9but octobre. On a ador\u00e9, tarifs attractifs et proximit\u00e9 de l&#8217;oc\u00e9an et de la balade, baignades sur le littoral. Malgr\u00e9 les pluies intermittentes avec, il faut le dire, une atmosph\u00e8re r\u00e9g\u00e9n\u00e9ratrice, le camping est plein \u00e0 cette \u00e9poque. Un part, l&#8217;autre arrive et pour cause ! Pour terminer un immense merci au personnel tr\u00e8s attentif et d&#8217;une grande gentillesse ! Encore merci \u00e0 eux, on reviendra aussi pour cel\u00e0.\r\n<\/div><div class=\"ls-avis-footer\"><div class=\"ls-avis-auteur\">Michel Foucher<\/div> - <div class=\"ls-avis-date\">Octobre 2024<\/div><div class=\"ls-avis-etoile-wrapper\"> <span class=\"erromardie-etoile\"><\/span> <span class=\"erromardie-etoile\"><\/span> <span class=\"erromardie-etoile\"><\/span> <span class=\"erromardie-etoile\"><\/span> <span class=\"erromardie-etoile\"><\/span><div class=\"ls-avis-etoile\" style=\"width : calc(100% * 1)\"> <span class=\"erromardie-etoile\"><\/span> <span class=\"erromardie-etoile\"><\/span> <span class=\"erromardie-etoile\"><\/span> <span class=\"erromardie-etoile\"><\/span> <span class=\"erromardie-etoile\"><\/span> <\/div><\/div><\/div><\/div><\/div><\/div>\n<\/div>\n\n\r\n    <\/div>\r\n<\/section><section id=\"ls-section-block_67ce86b2060f7768b8199ed069a820a8\" class=\"ls-section  home-ninth has-background has-color-6-background-color\" >\r\n        <div class=\"container \">\r\n        \n\n<div class=\"wp-block-columns is-layout-flex wp-container-core-columns-is-layout-9d6595d7 wp-block-columns-is-layout-flex\">\n<div class=\"wp-block-column is-layout-flow wp-block-column-is-layout-flow\"><div id=\"faq\" class=\"faq-container animated fadeIn\"><div class=\"faq-wrap\" itemscope=\"\" itemtype=\"https:\/\/schema.org\/FAQPage\"><div class=\"faq__box faq__item\"><div class=\"faq__container\"><div class=\"faq__block\" itemscope=\"\" itemprop=\"mainEntity\" itemtype=\"https:\/\/schema.org\/Question\"><details class=\"faq\"><summary class=\"faq-question\" itemprop=\"name\">An welchen <strong>Tagen ist<\/strong> der Campingplatz ge\u00f6ffnet?<span class=\"faq-opener\"><i class=\"erromardie-chevron\"><\/i><\/span><\/summary><div class=\"content\" itemscope=\"\" itemprop=\"acceptedAnswer\" itemtype=\"https:\/\/schema.org\/Answer\"><div itemprop=\"text\"><p>Der Campingplatz ist vom 29.03.2025 bis zum 01.11.2025 ge\u00f6ffnet.<\/p>\n<\/div><\/div><\/details><\/div><\/div><\/div><\/div><\/div>\n\n<div id=\"faq\" class=\"faq-container animated fadeIn\"><div class=\"faq-wrap\" itemscope=\"\" itemtype=\"https:\/\/schema.org\/FAQPage\"><div class=\"faq__box faq__item\"><div class=\"faq__container\"><div class=\"faq__block\" itemscope=\"\" itemprop=\"mainEntity\" itemtype=\"https:\/\/schema.org\/Question\"><details class=\"faq\"><summary class=\"faq-question\" itemprop=\"name\">K\u00f6nnen wir <strong>mit unserem Hund<\/strong> in den <strong>Urlaub<\/strong> fahren <strong>?<\/strong><span class=\"faq-opener\"><i class=\"erromardie-chevron\"><\/i><\/span><\/summary><div class=\"content\" itemscope=\"\" itemprop=\"acceptedAnswer\" itemtype=\"https:\/\/schema.org\/Answer\"><div itemprop=\"text\"><p>Ja<\/p>\n<\/div><\/div><\/details><\/div><\/div><\/div><\/div><\/div><\/div>\n\n\n\n<div class=\"wp-block-column is-layout-flow wp-block-column-is-layout-flow\"><div id=\"faq\" class=\"faq-container animated fadeIn delay-100ms\"><div class=\"faq-wrap\" itemscope=\"\" itemtype=\"https:\/\/schema.org\/FAQPage\"><div class=\"faq__box faq__item\"><div class=\"faq__container\"><div class=\"faq__block\" itemscope=\"\" itemprop=\"mainEntity\" itemtype=\"https:\/\/schema.org\/Question\"><details class=\"faq\"><summary class=\"faq-question\" itemprop=\"name\">Wann kann man im Baskenland <strong>campen<\/strong>?<span class=\"faq-opener\"><i class=\"erromardie-chevron\"><\/i><\/span><\/summary><div class=\"content\" itemscope=\"\" itemprop=\"acceptedAnswer\" itemtype=\"https:\/\/schema.org\/Answer\"><div itemprop=\"text\"><p><span style=\"font-weight: 400;\">Wenn du lieber in den Bergen wandern m\u00f6chtest, solltest du von April bis Juni ins Baskenland kommen, um das k\u00fchlere Klima zu genie\u00dfen. Wenn du den Ozean bevorzugst, ist der Sommer die ideale Jahreszeit, da das Wasser dann die ideale Temperatur hat und die Str\u00e4nde nur im Sommer \u00fcberwacht werden. Wenn du Familienunterhaltung wie Pelota (baskisches Ballspiel) genie\u00dfen m\u00f6chtest, solltest du wissen, dass die Saison der Dorffeste mit ihren traditionellen Veranstaltungen von Februar bis Oktober dauert!   <\/span><\/p>\n<\/div><\/div><\/details><\/div><\/div><\/div><\/div><\/div>\n\n<div id=\"faq\" class=\"faq-container animated fadeIn delay-100ms\"><div class=\"faq-wrap\" itemscope=\"\" itemtype=\"https:\/\/schema.org\/FAQPage\"><div class=\"faq__box faq__item\"><div class=\"faq__container\"><div class=\"faq__block\" itemscope=\"\" itemprop=\"mainEntity\" itemtype=\"https:\/\/schema.org\/Question\"><details class=\"faq\"><summary class=\"faq-question\" itemprop=\"name\">Gibt es <strong>Animationen?<\/strong><span class=\"faq-opener\"><i class=\"erromardie-chevron\"><\/i><\/span><\/summary><div class=\"content\" itemscope=\"\" itemprop=\"acceptedAnswer\" itemtype=\"https:\/\/schema.org\/Answer\"><div itemprop=\"text\"><p>Es gibt Animationen f\u00fcr jeden und jede, f\u00fcr jedes Alter und zu jeder Jahreszeit.<\/p>\n<\/div><\/div><\/details><\/div><\/div><\/div><\/div><\/div><\/div>\n\n\n\n<div class=\"wp-block-column is-layout-flow wp-block-column-is-layout-flow\">\n<div class=\"wp-block-columns titre-faq is-layout-flex wp-container-core-columns-is-layout-9d6595d7 wp-block-columns-is-layout-flex\">\n<div class=\"wp-block-column is-layout-flow wp-block-column-is-layout-flow\">\n<div id=\"ls-heading ls-titre-div-block_6778e6520f75ff48e33c4b8b5c7283fe\" class=\"ls-titre-div h1-like has-text-color has-color-4-color\" >\n    FAQ<\/div>\n\n\n\n<div id=\"ls-heading ls-titre-div-block_cb6586201fc925b553f3f07c2cb7c5cf\" class=\"ls-titre-div h3-like has-text-color has-color-1-color\" >\n    <span>Was duwissen willst<\/span>&#8230;<\/div>\n\n\n\n<h2 class=\"ls__heading wp-block-heading has-text-align-left has-color-1-color has-text-color has-link-color wp-elements-205745cb732f0c12964b2b5f801d3ff1\">H\u00e4ufig gestellte Fragen zu unserem Campingplatz :<\/h2>\n<\/div>\n<\/div>\n\n\n<div id=\"faq\" class=\"faq-container animated fadeIn delay-200ms\"><div class=\"faq-wrap\" itemscope=\"\" itemtype=\"https:\/\/schema.org\/FAQPage\"><div class=\"faq__box faq__item\"><div class=\"faq__container\"><div class=\"faq__block\" itemscope=\"\" itemprop=\"mainEntity\" itemtype=\"https:\/\/schema.org\/Question\"><details class=\"faq\"><summary class=\"faq-question\" itemprop=\"name\">  Wann kann man <strong> g\u00fcnstig <\/strong> im Baskenland campen?<span class=\"faq-opener\"><i class=\"erromardie-chevron\"><\/i><\/span><\/summary><div class=\"content\" itemscope=\"\" itemprop=\"acceptedAnswer\" itemtype=\"https:\/\/schema.org\/Answer\"><div itemprop=\"text\"><p><span style=\"font-weight: 400;\">F\u00fcr einen g\u00fcnstigen Aufenthalt an der baskischen K\u00fcste bietet dir der Campingplatz La Ferme d&#8217;Erromardie die ganze Saison \u00fcber reduzierte Preise f\u00fcr einen g\u00fcnstigeren Urlaub im Mobilheim oder auf dem Caravaning-Stellplatz. Die niedrigsten Preise f\u00fcr einen g\u00fcnstigen Campingplatz im Baskenland sind in der Nebensaison verf\u00fcgbar. Z\u00f6gere nicht l\u00e4nger und w\u00e4hle unter unseren preisg\u00fcnstigen Unterk\u00fcnften diejenige aus, die dir am besten gef\u00e4llt, um dir einen Urlaub zu g\u00f6nnen.    <\/span><span style=\"font-weight: 400;\"><a href=\"https:\/\/www.camping-erromardie.com\/de\/guenstige-camping-plaetze-im-baskenland\/\">g\u00fcnstiger Campingplatz<\/a> im Baskenland <\/span><span style=\"font-weight: 400;\">!<\/span><\/p>\n<\/div><\/div><\/details><\/div><\/div><\/div><\/div><\/div><\/div>\n<\/div>\n\n\r\n    <\/div>\r\n<\/section>","protected":false},"excerpt":{"rendered":"","protected":false},"author":1,"featured_media":17067,"parent":0,"menu_order":48,"comment_status":"closed","ping_status":"closed","template":"","meta":{"_acf_changed":false,"_seopress_robots_primary_cat":"","_seopress_titles_title":"Camping Baskenland | Ferienvermietung Camping Saint Jean de Luz Strand","_seopress_titles_desc":"Als einer der besten Campingpl\u00e4tze des Baskenlands ausgezeichnet - Am Meer - Famili\u00e4r - Mobilheime - Wohnwagenstellpl\u00e4tze - Wasserpark - Zugang f\u00fcr Behinderte","_seopress_robots_index":"","footnotes":""},"sujet":[],"class_list":["post-18623","page","type-page","status-publish","has-post-thumbnail","hentry"],"acf":[],"_links":{"self":[{"href":"https:\/\/www.camping-erromardie.com\/de\/wp-json\/wp\/v2\/pages\/18623","targetHints":{"allow":["GET"]}}],"collection":[{"href":"https:\/\/www.camping-erromardie.com\/de\/wp-json\/wp\/v2\/pages"}],"about":[{"href":"https:\/\/www.camping-erromardie.com\/de\/wp-json\/wp\/v2\/types\/page"}],"author":[{"embeddable":true,"href":"https:\/\/www.camping-erromardie.com\/de\/wp-json\/wp\/v2\/users\/1"}],"replies":[{"embeddable":true,"href":"https:\/\/www.camping-erromardie.com\/de\/wp-json\/wp\/v2\/comments?post=18623"}],"version-history":[{"count":24,"href":"https:\/\/www.camping-erromardie.com\/de\/wp-json\/wp\/v2\/pages\/18623\/revisions"}],"predecessor-version":[{"id":20103,"href":"https:\/\/www.camping-erromardie.com\/de\/wp-json\/wp\/v2\/pages\/18623\/revisions\/20103"}],"wp:featuredmedia":[{"embeddable":true,"href":"https:\/\/www.camping-erromardie.com\/de\/wp-json\/wp\/v2\/media\/17067"}],"wp:attachment":[{"href":"https:\/\/www.camping-erromardie.com\/de\/wp-json\/wp\/v2\/media?parent=18623"}],"wp:term":[{"taxonomy":"sujet","embeddable":true,"href":"https:\/\/www.camping-erromardie.com\/de\/wp-json\/wp\/v2\/sujet?post=18623"}],"curies":[{"name":"wp","href":"https:\/\/api.w.org\/{rel}","templated":true}]}}