{"id":18083,"date":"2025-03-14T16:59:10","date_gmt":"2025-03-14T15:59:10","guid":{"rendered":"https:\/\/www.camping-erromardie.com\/camping-saint-jean-pied-de-port\/"},"modified":"2025-05-30T11:10:10","modified_gmt":"2025-05-30T09:10:10","slug":"camping-saint-jean-pied-de-port","status":"publish","type":"page","link":"https:\/\/www.camping-erromardie.com\/de\/camping-saint-jean-pied-de-port\/","title":{"rendered":"Campingplatz Saint Jean Pied De Port"},"content":{"rendered":"<section id=\"ls-section-block_0f5fc936479c4877af81aea5aa27b361\" class=\"ls-section  page-titre\" >\r\n        <div class=\"container container--wide\">\r\n        \n\n<h1 class=\"ls__heading wp-block-heading has-text-align-center has-color-4-color has-text-color has-link-color wp-elements-9247896c59a92d87f09afa06d26780e3\">Campingplatz Baskenland Saint Jean Pied de Port<\/h1>\n\n\n\n<p class=\"ls-paragraph has-text-align-center\">Nur eine Stunde Fahrt trennt den <a href=\"https:\/\/www.camping-erromardie.com\/de\/\" data-type=\"page\" data-id=\"270\">Campingplatz Baskenland<\/a> von der mittelalterlichen Stadt <a href=\"https:\/\/www.camping-erromardie.com\/de\/saint-jean-pied-de-port\/\" data-type=\"category\" data-id=\"70\">Saint Jean Pied de Port<\/a>, einem der sch\u00f6nsten D\u00f6rfer Frankreichs, das du w\u00e4hrend deines Campingurlaubs in <strong>Saint Jean Pied de Port<\/strong> unbedingt besuchen solltest!<br\/><\/p>\n\n\r\n    <\/div>\r\n<\/section><section id=\"ls-section-block_91d2f3b8831e72d6c265b71818204f54\" class=\"ls-section  home-first page-one has-p-b p-b-14\" >\r\n        <div class=\"container container--wide\">\r\n        \n\n<div class=\"wp-block-columns is-layout-flex wp-container-core-columns-is-layout-9d6595d7 wp-block-columns-is-layout-flex\">\n<div class=\"wp-block-column is-layout-flow wp-block-column-is-layout-flow\" style=\"flex-basis:33.33%\">\n<div class=\"wp-block-columns is-layout-flex wp-container-core-columns-is-layout-9d6595d7 wp-block-columns-is-layout-flex\">\n<div class=\"wp-block-column column-border is-layout-flow wp-block-column-is-layout-flow\">\n<h2 class=\"ls__heading wp-block-heading has-color-1-color has-text-color has-link-color wp-elements-9599447853f492fe7198c94bd935f09f\">Mobilheimvermietung Baskenland Saint-Jean-Pied-de-Port<\/h2>\n\n\n\n<p class=\"ls-paragraph\">Wenn du einen Campingurlaub im S\u00fcdwesten Frankreichs verbringen m\u00f6chtest, bist du wahrscheinlich auf der Suche nach einer <strong>Mobilheimvermietung Saint-Jean-Pied-de-Port<\/strong>.  <\/p>\n\n\n\n<p class=\"ls-paragraph\">Unser <strong>Campingplatz in der N\u00e4he von Saint Jean Pied de Port<\/strong> erwartet dich in einer ruhigen und privilegierten Umgebung, auf einem bewaldeten Gel\u00e4nde, das ideal gegen\u00fcber dem Atlantik liegt. Hier findest du ger\u00e4umige Mobilheime mit 1 bis 3 Schlafzimmern, f\u00fcr 1 bis 6 Personen und mit einer Wohnfl\u00e4che von 16 bis 32 m\u00b2.   <\/p>\n\n\n\n<p class=\"ls-paragraph\">Wir bieten auch ein Modell an, das f\u00fcr Personen mit eingeschr\u00e4nkter Mobilit\u00e4t geeignet ist. Alle unsere Mobilheime sind perfekt eingerichtet: ein Wohnzimmer mit Fernseher, eine K\u00fcche mit allem, was du f\u00fcr deinen Komfort brauchst: K\u00fchlschrank, Kochplatte, Mikrowelle, Kaffeemaschine, Geschirr f\u00fcr die Anzahl der Personen und verschiedene Kochutensilien, ein Duschraum und eine Toilette.   <\/p>\n\n\n\n<p class=\"ls-paragraph\">Diejenigen, die gerne traditionell campen, werden vielleicht von den Lodge-H\u00fctten im Trapper-Stil begeistert sein, die aus Holz und Stoff gebaut sind und \u00fcber eine K\u00fcche und sanit\u00e4re Einrichtungen verf\u00fcgen.<\/p>\n\n\n\n<p class=\"ls-paragraph\">Du kannst deine Mahlzeiten auf der gem\u00fctlichen Terrasse mit Gartenm\u00f6beln einnehmen, die auf dein perfekt gepflegtes, begr\u00fcntes Grundst\u00fcck hinausgeht.<\/p>\n<\/div>\n<\/div>\n<\/div>\n\n\n\n<div class=\"wp-block-column is-layout-flow wp-block-column-is-layout-flow\" style=\"flex-basis:66.66%\">\n<figure class=\"wp-block-gallery has-nested-images columns-default is-cropped wp-block-gallery-1 is-layout-flex wp-block-gallery-is-layout-flex\">\n<figure class=\"wp-block-image size-full animated fadeIn delay-200ms\"><a href=\"https:\/\/www.camping-erromardie.com\/wp-content\/uploads\/2025\/04\/DSC_6952.jpg\"><img loading=\"lazy\" decoding=\"async\" width=\"2022\" height=\"1350\" data-id=\"15459\" src=\"https:\/\/www.camping-erromardie.com\/wp-content\/uploads\/2025\/04\/DSC_6952.jpg\" alt=\"DSC 6952\" class=\"wp-image-15459\" srcset=\"https:\/\/www.camping-erromardie.com\/wp-content\/uploads\/2025\/04\/DSC_6952.jpg 2022w, https:\/\/www.camping-erromardie.com\/wp-content\/uploads\/2025\/04\/DSC_6952-300x200.jpg 300w, https:\/\/www.camping-erromardie.com\/wp-content\/uploads\/2025\/04\/DSC_6952-1024x684.jpg 1024w, https:\/\/www.camping-erromardie.com\/wp-content\/uploads\/2025\/04\/DSC_6952-768x513.jpg 768w, https:\/\/www.camping-erromardie.com\/wp-content\/uploads\/2025\/04\/DSC_6952-1536x1026.jpg 1536w\" sizes=\"auto, (max-width: 2022px) 100vw, 2022px\" \/><\/a><\/figure>\n\n\n\n<figure class=\"wp-block-image size-full animated fadeIn\"><a href=\"https:\/\/www.camping-erromardie.com\/wp-content\/uploads\/2025\/04\/Famille-sur-la-terrasse-du-Mobil-home.jpg\"><img loading=\"lazy\" decoding=\"async\" width=\"1334\" height=\"2000\" data-id=\"17313\" src=\"https:\/\/www.camping-erromardie.com\/wp-content\/uploads\/2025\/04\/Famille-sur-la-terrasse-du-Mobil-home.jpg\" alt=\"Familie auf der Terrasse des Mobilheims\" class=\"wp-image-17313\" srcset=\"https:\/\/www.camping-erromardie.com\/wp-content\/uploads\/2025\/04\/Famille-sur-la-terrasse-du-Mobil-home.jpg 1334w, https:\/\/www.camping-erromardie.com\/wp-content\/uploads\/2025\/04\/Famille-sur-la-terrasse-du-Mobil-home-200x300.jpg 200w, https:\/\/www.camping-erromardie.com\/wp-content\/uploads\/2025\/04\/Famille-sur-la-terrasse-du-Mobil-home-683x1024.jpg 683w, https:\/\/www.camping-erromardie.com\/wp-content\/uploads\/2025\/04\/Famille-sur-la-terrasse-du-Mobil-home-768x1151.jpg 768w, https:\/\/www.camping-erromardie.com\/wp-content\/uploads\/2025\/04\/Famille-sur-la-terrasse-du-Mobil-home-1025x1536.jpg 1025w\" sizes=\"auto, (max-width: 1334px) 100vw, 1334px\" \/><\/a><\/figure>\n<\/figure>\n<\/div>\n<\/div>\n\n\r\n    <\/div>\r\n<\/section><section id=\"ls-section-block_0f159fd789032fe4ed888caaca8a5e1a\" class=\"ls-section  home-first page-two has-background has-color-6-background-color\" >\r\n        <div class=\"container container--wide\">\r\n        \n\n<div class=\"wp-block-columns is-layout-flex wp-container-core-columns-is-layout-9d6595d7 wp-block-columns-is-layout-flex\">\n<div class=\"wp-block-column is-layout-flow wp-block-column-is-layout-flow\" style=\"flex-basis:66.66%\">\n<figure class=\"wp-block-gallery has-nested-images columns-default is-cropped wp-block-gallery-2 is-layout-flex wp-block-gallery-is-layout-flex\">\n<figure class=\"wp-block-image size-full animated fadeIn delay-200ms\"><a href=\"https:\/\/www.camping-erromardie.com\/wp-content\/uploads\/2025\/04\/camping-avec-piscine-a-Saint-Jean-de-Luz_1-1.jpg\"><img decoding=\"async\" data-id=\"15494\" src=\"https:\/\/www.camping-erromardie.com\/wp-content\/uploads\/2025\/04\/camping-avec-piscine-a-Saint-Jean-de-Luz_1-1.jpg\" alt=\"campingplatz mit schwimmbad in Saint Jean de Luz 1\" class=\"wp-image-15494\"\/><\/a><\/figure>\n\n\n\n<figure class=\"wp-block-image size-full animated fadeIn\"><a href=\"https:\/\/www.camping-erromardie.com\/wp-content\/uploads\/2025\/04\/piscine-camping-a-Saint-Jean-de-Luz.jpg\"><img loading=\"lazy\" decoding=\"async\" width=\"2000\" height=\"1336\" data-id=\"11462\" src=\"https:\/\/www.camping-erromardie.com\/wp-content\/uploads\/2025\/04\/piscine-camping-a-Saint-Jean-de-Luz.jpg\" alt=\"schwimmbad camping in Saint Jean de Luz\" class=\"wp-image-11462\" srcset=\"https:\/\/www.camping-erromardie.com\/wp-content\/uploads\/2025\/04\/piscine-camping-a-Saint-Jean-de-Luz.jpg 2000w, https:\/\/www.camping-erromardie.com\/wp-content\/uploads\/2025\/04\/piscine-camping-a-Saint-Jean-de-Luz-300x200.jpg 300w, https:\/\/www.camping-erromardie.com\/wp-content\/uploads\/2025\/04\/piscine-camping-a-Saint-Jean-de-Luz-1024x684.jpg 1024w, https:\/\/www.camping-erromardie.com\/wp-content\/uploads\/2025\/04\/piscine-camping-a-Saint-Jean-de-Luz-768x513.jpg 768w, https:\/\/www.camping-erromardie.com\/wp-content\/uploads\/2025\/04\/piscine-camping-a-Saint-Jean-de-Luz-1536x1026.jpg 1536w\" sizes=\"auto, (max-width: 2000px) 100vw, 2000px\" \/><\/a><\/figure>\n<\/figure>\n<\/div>\n\n\n\n<div class=\"wp-block-column is-layout-flow wp-block-column-is-layout-flow\" style=\"flex-basis:33.33%\">\n<div class=\"wp-block-columns is-layout-flex wp-container-core-columns-is-layout-9d6595d7 wp-block-columns-is-layout-flex\">\n<div class=\"wp-block-column column-border is-layout-flow wp-block-column-is-layout-flow\">\n<h2 class=\"ls__heading wp-block-heading has-color-1-color has-text-color has-link-color wp-elements-95028617811de82581db7f378df2b108\">Campingplatz mit Schwimmbad Baskenland Saint-Jean-Pied-de-Port<\/h2>\n\n\n\n<p class=\"ls-paragraph\">Es ist beschlossene Sache, dass du deinen n\u00e4chsten Urlaub in S\u00fcdwestfrankreich im Baskenland verbringen wirst. Aber hast du auch an einen <strong>Campingplatz mit Schwimmbad in der N\u00e4he von Saint-Jean-Pied-de-Port<\/strong> gedacht?   <\/p>\n\n\n\n<p class=\"ls-paragraph\">Hier auf dem Bauernhof von Erromardie stehen Entspannung, sportliche Freizeitaktivit\u00e4ten und Wasserspiele auf dem Programm. Daf\u00fcr haben wir uns einen Wasserbereich ausgedacht, in den jeder kommen kann, wann er will.   <\/p>\n\n\n\n<p class=\"ls-paragraph\">Bist du eher ein Morgenmensch? Komm ab 10 Uhr zum Schwimmen. Du hast gerne deine Ruhe? Ein kleines Nickerchen nach dem Mittagessen auf einer der Liegen, die am Rand des Pools aufgestellt sind, wird dir gut tun. Du liebst es, im Wasser zu spielen? Dann komm mit deinen Kindern oder Freunden und genie\u00dfe es, bis 19 Uhr zu spielen.       <\/p>\n\n\n\n<p class=\"ls-paragraph\">Die j\u00fcngeren Kinder k\u00f6nnen in dem kleinen Becken, das wir f\u00fcr sie eingerichtet haben, planschen. Er ist durch einen Sicherheitszaun vom gro\u00dfen Pool getrennt, aber da er nicht \u00fcberwacht wird, m\u00fcssen die Eltern immer anwesend sein.   <\/p>\n\n\n\n<p class=\"ls-paragraph\">Der Pool ist ausschlie\u00dflich unseren G\u00e4sten vorbehalten, damit sie ihre Ruhe haben. Aus hygienischen Gr\u00fcnden ist das Tragen von Badeshorts verboten. <\/p>\n<\/div>\n<\/div>\n<\/div>\n<\/div>\n\n\r\n    <\/div>\r\n<\/section><section id=\"ls-section-block_195ccfe1f3b7048e7ff3a77c851d0d1a\" class=\"ls-section  home-fifth page-three\" >\r\n        <div class=\"container container--wide\">\r\n        \n\n<figure class=\"wp-block-image size-full animated fadeIn\"><a href=\"https:\/\/www.camping-erromardie.com\/wp-content\/uploads\/2025\/04\/Saint-Jean-Pied-De-Port-Pays-Basque.jpg\"><img loading=\"lazy\" decoding=\"async\" width=\"2000\" height=\"1400\" src=\"https:\/\/www.camping-erromardie.com\/wp-content\/uploads\/2025\/04\/Saint-Jean-Pied-De-Port-Pays-Basque.jpg\" alt=\"Service und Unterhaltung Camping Saint Jean Pied De Port\" class=\"wp-image-17319\" srcset=\"https:\/\/www.camping-erromardie.com\/wp-content\/uploads\/2025\/04\/Saint-Jean-Pied-De-Port-Pays-Basque.jpg 2000w, https:\/\/www.camping-erromardie.com\/wp-content\/uploads\/2025\/04\/Saint-Jean-Pied-De-Port-Pays-Basque-300x210.jpg 300w, https:\/\/www.camping-erromardie.com\/wp-content\/uploads\/2025\/04\/Saint-Jean-Pied-De-Port-Pays-Basque-1024x717.jpg 1024w, https:\/\/www.camping-erromardie.com\/wp-content\/uploads\/2025\/04\/Saint-Jean-Pied-De-Port-Pays-Basque-768x538.jpg 768w, https:\/\/www.camping-erromardie.com\/wp-content\/uploads\/2025\/04\/Saint-Jean-Pied-De-Port-Pays-Basque-1536x1075.jpg 1536w\" sizes=\"auto, (max-width: 2000px) 100vw, 2000px\" \/><\/a><\/figure>\n\n\r\n    <\/div>\r\n<\/section><section id=\"ls-section-block_5d4358c979bb8e3074558932da67d54b\" class=\"ls-section  page-cta\" >\r\n        <div class=\"container container--wide\">\r\n        \n\n<div id=\"ls-heading ls-titre-div-block_f09ec8e07f4b69c42cde99a3f6e22b3d\" class=\"ls-titre-div aligncenter h2-like has-text-color has-color-1-color\" >\n    Besuche das Baskenland<\/div>\n\n\n\n<div id=\"ls-maillage-block_d64a8c676ba3340035197c62d35100c9\" class=\"ls-maillage cta-style-normal\" data-rows=\"4\">\n\n    <div class=\"wp-block-columns\"><div class=\"wp-block-column\">\n\n<a href=\"https:\/\/www.camping-erromardie.com\/de\/san-sebastian\/\" target=\"\" rel=\"noopener\" class=\"ls-cta__link san-sebastian\" data-categ=\" san-sebastian\">\n\t<div class=\"ls-cta__image\"><img decoding=\"async\" src=\"https:\/\/www.camping-erromardie.com\/wp-content\/uploads\/2025\/04\/Donostia.jpg\" alt=\"San Sebastian\"><\/div>\n\t<div class=\"ls-cta__title\">\n\t\tSan Sebastian\t<\/div>\n\n\t<\/a><\/div><div class=\"wp-block-column\">\n\n<a href=\"https:\/\/www.camping-erromardie.com\/de\/atlantische-pyrenaen\/\" target=\"\" rel=\"noopener\" class=\"ls-cta__link atlantische-pyrenaen\" data-categ=\" atlantische-pyrenaen\">\n\t<div class=\"ls-cta__image\"><img decoding=\"async\" src=\"https:\/\/www.camping-erromardie.com\/wp-content\/uploads\/2025\/04\/Pyrenees-Atlantiques.jpg\" alt=\"Die Atlantischen Pyren\u00e4en\"><\/div>\n\t<div class=\"ls-cta__title\">\n\t\tDie Atlantischen Pyren\u00e4en\t<\/div>\n\n\t<\/a><\/div><div class=\"wp-block-column\">\n\n<a href=\"https:\/\/www.camping-erromardie.com\/de\/saint-jean-de-luz\/\" target=\"\" rel=\"noopener\" class=\"ls-cta__link saint-jean-de-luz\" data-categ=\" saint-jean-de-luz\">\n\t<div class=\"ls-cta__image\"><img decoding=\"async\" src=\"https:\/\/www.camping-erromardie.com\/wp-content\/uploads\/2025\/04\/Saint-Jean-de-Luz-Centre-Ville-et-Port-e1745412638780.jpg\" alt=\"Saint Jean de Luz\"><\/div>\n\t<div class=\"ls-cta__title\">\n\t\tSaint Jean de Luz\t<\/div>\n\n\t<\/a><\/div><div class=\"wp-block-column\">\n\n<a href=\"https:\/\/www.camping-erromardie.com\/de\/saint-jean-pied-de-port\/\" target=\"\" rel=\"noopener\" class=\"ls-cta__link saint-jean-pied-de-port\" data-categ=\" saint-jean-pied-de-port\">\n\t<div class=\"ls-cta__image\"><img decoding=\"async\" src=\"https:\/\/www.camping-erromardie.com\/wp-content\/uploads\/2025\/04\/Saint-Jean-Pied-De-Port-Pays-Basque.jpg\" alt=\"Saint Jean Pied de Port\"><\/div>\n\t<div class=\"ls-cta__title\">\n\t\tSaint Jean Pied de Port\t<\/div>\n\n\t<\/a><\/div><\/div><div class=\"wp-block-columns\"><div class=\"wp-block-column\">\n\n<a href=\"https:\/\/www.camping-erromardie.com\/de\/spanisches-baskenland\/\" target=\"\" rel=\"noopener\" class=\"ls-cta__link spanisches-baskenland\" data-categ=\" spanisches-baskenland\">\n\t<div class=\"ls-cta__image\"><img decoding=\"async\" src=\"https:\/\/www.camping-erromardie.com\/wp-content\/uploads\/2025\/04\/donostia-2.jpg\" alt=\"Das spanische Baskenland\"><\/div>\n\t<div class=\"ls-cta__title\">\n\t\tDas spanische Baskenland\t<\/div>\n\n\t<\/a><\/div><div class=\"wp-block-column\">\n\n<a href=\"https:\/\/www.camping-erromardie.com\/de\/urrugne\/\" target=\"\" rel=\"noopener\" class=\"ls-cta__link urrugne\" data-categ=\" urrugne\">\n\t<div class=\"ls-cta__image\"><img decoding=\"async\" src=\"https:\/\/www.camping-erromardie.com\/wp-content\/uploads\/2025\/04\/photos-aeriennes-Urrugne.jpg\" alt=\"Urrugne: ein Dorf mit vielen Gesichtern\"><\/div>\n\t<div class=\"ls-cta__title\">\n\t\tUrrugne: ein Dorf mit vielen Gesichtern\t<\/div>\n\n\t<\/a><\/div><div class=\"wp-block-column\">\n\n<a href=\"https:\/\/www.camping-erromardie.com\/de\/espelette\/\" target=\"\" rel=\"noopener\" class=\"ls-cta__link espelette\" data-categ=\" espelette\">\n\t<div class=\"ls-cta__image\"><img decoding=\"async\" src=\"https:\/\/www.camping-erromardie.com\/wp-content\/uploads\/2025\/04\/Village-espelette.jpg\" alt=\"Espelette\"><\/div>\n\t<div class=\"ls-cta__title\">\n\t\tEspelette\t<\/div>\n\n\t<\/a><\/div><div class=\"wp-block-column\">\n\n<a href=\"https:\/\/www.camping-erromardie.com\/de\/hendaye\/\" target=\"\" rel=\"noopener\" class=\"ls-cta__link hendaye\" data-categ=\" hendaye\">\n\t<div class=\"ls-cta__image\"><img decoding=\"async\" src=\"https:\/\/www.camping-erromardie.com\/wp-content\/uploads\/2025\/04\/hendaye_3-3-e1744808115339.jpg\" alt=\"Hendaye\"><\/div>\n\t<div class=\"ls-cta__title\">\n\t\tHendaye\t<\/div>\n\n\t<\/a><\/div><\/div><div class=\"wp-block-columns\"><div class=\"wp-block-column\">\n\n<a href=\"https:\/\/www.camping-erromardie.com\/de\/hasparren\/\" target=\"\" rel=\"noopener\" class=\"ls-cta__link hasparren\" data-categ=\" hasparren\">\n\t<div class=\"ls-cta__image\"><img decoding=\"async\" src=\"https:\/\/www.camping-erromardie.com\/wp-content\/uploads\/2025\/04\/Village-dHasparran.jpg\" alt=\"Hasparren\"><\/div>\n\t<div class=\"ls-cta__title\">\n\t\tHasparren\t<\/div>\n\n\t<\/a><\/div><div class=\"wp-block-column\">\n\n<a href=\"https:\/\/www.camping-erromardie.com\/de\/itxassou\/\" target=\"\" rel=\"noopener\" class=\"ls-cta__link itxassou\" data-categ=\" itxassou\">\n\t<div class=\"ls-cta__image\"><img decoding=\"async\" src=\"https:\/\/www.camping-erromardie.com\/wp-content\/uploads\/2025\/04\/Riviere-La-Nive-Itxassu.jpg\" alt=\"Itxassou\"><\/div>\n\t<div class=\"ls-cta__title\">\n\t\tItxassou\t<\/div>\n\n\t<\/a><\/div><div class=\"wp-block-column\">\n\n<a href=\"https:\/\/www.camping-erromardie.com\/de\/cambo\/\" target=\"\" rel=\"noopener\" class=\"ls-cta__link cambo\" data-categ=\" cambo\">\n\t<div class=\"ls-cta__image\"><img decoding=\"async\" src=\"https:\/\/www.camping-erromardie.com\/wp-content\/uploads\/2025\/04\/Cambo-les-Bains-paysages.jpg\" alt=\"Cambo\"><\/div>\n\t<div class=\"ls-cta__title\">\n\t\tCambo\t<\/div>\n\n\t<\/a><\/div><div class=\"wp-block-column\">\n\n<a href=\"https:\/\/www.camping-erromardie.com\/de\/bilbao\/\" target=\"\" rel=\"noopener\" class=\"ls-cta__link bilbao\" data-categ=\" bilbao\">\n\t<div class=\"ls-cta__image\"><img decoding=\"async\" src=\"https:\/\/www.camping-erromardie.com\/wp-content\/uploads\/2025\/04\/Bilbao-3.jpg\" alt=\"Bilbao\"><\/div>\n\t<div class=\"ls-cta__title\">\n\t\tBilbao\t<\/div>\n\n\t<\/a><\/div><\/div><div class=\"wp-block-columns\"><div class=\"wp-block-column\">\n\n<a href=\"https:\/\/www.camping-erromardie.com\/de\/bidart\/\" target=\"\" rel=\"noopener\" class=\"ls-cta__link bidart\" data-categ=\" bidart\">\n\t<div class=\"ls-cta__image\"><img decoding=\"async\" src=\"https:\/\/www.camping-erromardie.com\/wp-content\/uploads\/2025\/04\/Bidart.jpg\" alt=\"Bidart\"><\/div>\n\t<div class=\"ls-cta__title\">\n\t\tBidart\t<\/div>\n\n\t<\/a><\/div><div class=\"wp-block-column\">\n\n<a href=\"https:\/\/www.camping-erromardie.com\/de\/bayonne\/\" target=\"\" rel=\"noopener\" class=\"ls-cta__link bayonne\" data-categ=\" bayonne\">\n\t<div class=\"ls-cta__image\"><img decoding=\"async\" src=\"https:\/\/www.camping-erromardie.com\/wp-content\/uploads\/2025\/04\/Bayonne-Couleurs-Basque.jpg\" alt=\"Bayonne\"><\/div>\n\t<div class=\"ls-cta__title\">\n\t\tBayonne\t<\/div>\n\n\t<\/a><\/div><div class=\"wp-block-column\">\n\n<a href=\"https:\/\/www.camping-erromardie.com\/de\/biarritz\/\" target=\"\" rel=\"noopener\" class=\"ls-cta__link biarritz\" data-categ=\" biarritz\">\n\t<div class=\"ls-cta__image\"><img decoding=\"async\" src=\"https:\/\/www.camping-erromardie.com\/wp-content\/uploads\/2025\/04\/musee-de-la-mer-a-Biarritz-Pays-Basque.jpg\" alt=\"Biarritz\"><\/div>\n\t<div class=\"ls-cta__title\">\n\t\tBiarritz\t<\/div>\n\n\t<\/a><\/div><div class=\"wp-block-column\">\n\n<a href=\"https:\/\/www.camping-erromardie.com\/de\/ascain\/\" target=\"\" rel=\"noopener\" class=\"ls-cta__link ascain\" data-categ=\" ascain\">\n\t<div class=\"ls-cta__image\"><img decoding=\"async\" src=\"https:\/\/www.camping-erromardie.com\/wp-content\/uploads\/2025\/04\/Paysages-Ascain-Pays-Basque.jpg\" alt=\"Ascain\"><\/div>\n\t<div class=\"ls-cta__title\">\n\t\tAscain\t<\/div>\n\n\t<\/a><\/div><\/div>\n<\/div>\n\r\n    <\/div>\r\n<\/section>","protected":false},"excerpt":{"rendered":"","protected":false},"author":1,"featured_media":15141,"parent":0,"menu_order":156,"comment_status":"closed","ping_status":"closed","template":"","meta":{"_acf_changed":false,"_seopress_robots_primary_cat":"","_seopress_titles_title":"Campingplatz Baskenland Saint Jean Pied de Port: Mobilheim St Jean Pied de Port","_seopress_titles_desc":"Genie\u00dfe einen Aufenthalt auf dem Campingplatz La Ferme Erromardie, nur 1 Stunde von Saint-Jean-Pied-de-Port entfernt. Entdecke unsere modernen Mobilheime, einen beheizten Poolbereich und eine gr\u00fcne Umgebung mit Blick auf den Atlantik.","_seopress_robots_index":"","footnotes":""},"sujet":[],"class_list":["post-18083","page","type-page","status-publish","has-post-thumbnail","hentry"],"acf":[],"_links":{"self":[{"href":"https:\/\/www.camping-erromardie.com\/de\/wp-json\/wp\/v2\/pages\/18083","targetHints":{"allow":["GET"]}}],"collection":[{"href":"https:\/\/www.camping-erromardie.com\/de\/wp-json\/wp\/v2\/pages"}],"about":[{"href":"https:\/\/www.camping-erromardie.com\/de\/wp-json\/wp\/v2\/types\/page"}],"author":[{"embeddable":true,"href":"https:\/\/www.camping-erromardie.com\/de\/wp-json\/wp\/v2\/users\/1"}],"replies":[{"embeddable":true,"href":"https:\/\/www.camping-erromardie.com\/de\/wp-json\/wp\/v2\/comments?post=18083"}],"version-history":[{"count":3,"href":"https:\/\/www.camping-erromardie.com\/de\/wp-json\/wp\/v2\/pages\/18083\/revisions"}],"predecessor-version":[{"id":19434,"href":"https:\/\/www.camping-erromardie.com\/de\/wp-json\/wp\/v2\/pages\/18083\/revisions\/19434"}],"wp:featuredmedia":[{"embeddable":true,"href":"https:\/\/www.camping-erromardie.com\/de\/wp-json\/wp\/v2\/media\/15141"}],"wp:attachment":[{"href":"https:\/\/www.camping-erromardie.com\/de\/wp-json\/wp\/v2\/media?parent=18083"}],"wp:term":[{"taxonomy":"sujet","embeddable":true,"href":"https:\/\/www.camping-erromardie.com\/de\/wp-json\/wp\/v2\/sujet?post=18083"}],"curies":[{"name":"wp","href":"https:\/\/api.w.org\/{rel}","templated":true}]}}